{"id":2,"date":"2019-07-09T06:35:13","date_gmt":"2019-07-09T06:35:13","guid":{"rendered":"https:\/\/democontent.codex-themes.com\/sites-elementor\/church-onepager\/?page_id=2"},"modified":"2022-03-11T15:48:20","modified_gmt":"2022-03-11T14:48:20","slug":"sample-page","status":"publish","type":"page","link":"https:\/\/legirandolecooperativasociale.it\/","title":{"rendered":"Le Girandole"},"content":{"rendered":"\t\t<div data-elementor-type=\"wp-page\" data-elementor-id=\"2\" class=\"elementor elementor-2\" data-elementor-settings=\"[]\">\n\t\t\t<div class=\"elementor-inner\">\n\t\t\t\t<div class=\"elementor-section-wrap\">\n\t\t\t\t\t\t\t<section class=\"elementor-element elementor-element-b5a1276 elementor-section-boxed elementor-section-height-default elementor-section-height-default elementor-section elementor-top-section\" data-id=\"b5a1276\" data-element_type=\"section\">\n\t\t\t\t\t\t<div class=\"elementor-container elementor-column-gap-thegem\">\n\t\t\t\t<div class=\"elementor-row\">\n\t\t\t\t<div class=\"elementor-element elementor-element-1f981c4 elementor-column elementor-col-50 elementor-top-column\" data-id=\"1f981c4\" data-element_type=\"column\">\n\t\t\t<div class=\"elementor-column-wrap  elementor-element-populated\">\n\t\t\t\t\t<div class=\"elementor-widget-wrap\">\n\t\t\t\t<div class=\"elementor-element elementor-element-1281f6b elementor-widget elementor-widget-spacer\" data-id=\"1281f6b\" data-element_type=\"widget\" data-widget_type=\"spacer.default\">\n\t\t\t\t<div class=\"elementor-widget-container\">\n\t\t\t\t\t<div class=\"elementor-spacer\">\n\t\t\t<div class=\"elementor-spacer-inner\"><\/div>\n\t\t<\/div>\n\t\t\t\t<\/div>\n\t\t\t\t<\/div>\n\t\t\t\t<div class=\"elementor-element elementor-element-80d799f animated-slow elementor-invisible elementor-widget elementor-widget-heading\" data-id=\"80d799f\" data-element_type=\"widget\" data-settings=\"{&quot;_animation&quot;:&quot;slideInDown&quot;}\" data-widget_type=\"heading.default\">\n\t\t\t\t<div class=\"elementor-widget-container\">\n\t\t\t<h1 class=\"elementor-heading-title elementor-size-default\">Le girandole<\/h1>\t\t<\/div>\n\t\t\t\t<\/div>\n\t\t\t\t<div class=\"elementor-element elementor-element-a798705 elementor-invisible elementor-widget elementor-widget-text-editor\" data-id=\"a798705\" data-element_type=\"widget\" data-settings=\"{&quot;_animation&quot;:&quot;slideInDown&quot;}\" data-widget_type=\"text-editor.default\">\n\t\t\t\t<div class=\"elementor-widget-container\">\n\t\t\t\t\t<div class=\"elementor-text-editor elementor-clearfix\"><p><span style=\"font-weight: 400;\">La Societ\u00e0 Cooperativa Sociale \u201cLe Girandole\u201d nasce dall\u2019esperienza svolta all\u2019interno dell\u2019Associazione La Giostra dei Colori dalla quale evolve e sviluppa i progetti rivolti alla disabilit\u00e0 in particolare modo all\u2019et\u00e0 evolutiva con i Disturbi del Neurosviluppo e\u00a0 alla Genitorialit\u00e0 fragile. La Cooperativa Le Girandole prende il nome dal movimento, dalla gioia di vivere tipica dell&#8217;innocenza dove lo stupore pu\u00f2 arrivare dal colore e dal\u00a0 suo movimento.<\/span><\/p><\/div>\n\t\t\t\t<\/div>\n\t\t\t\t<\/div>\n\t\t\t\t<div class=\"elementor-element elementor-element-732b6a2 elementor-invisible elementor-widget elementor-widget-thegem-styledbutton\" data-id=\"732b6a2\" data-element_type=\"widget\" data-settings=\"{&quot;thegem_button_skin&quot;:&quot;outline&quot;,&quot;_animation&quot;:&quot;fadeInDown&quot;}\" data-widget_type=\"thegem-styledbutton.default\">\n\t\t\t\t<div class=\"elementor-widget-container\">\n\t\t\t\n<div class=\"gem-button-container gem-widget-button\">\n\n\t\t<a class=\"gem-button gem-button-size-medium gem-button-text-weight-bold gem-button-style-outline gem-button-border-3\" href=\"#\">\n\t\t<span class=\"gem-inner-wrapper-btn\">\n\t\t\t\t\t\t<span class=\"gem-text-button\">\n\t\t\t\tScopri di pi\u00f9\t\t\t<\/span>\n\t\t<\/span>\n\t<\/a>\n\n\t\n<\/div>\t\t<\/div>\n\t\t\t\t<\/div>\n\t\t\t\t<div class=\"elementor-element elementor-element-99fa793 elementor-widget elementor-widget-menu-anchor\" data-id=\"99fa793\" data-element_type=\"widget\" data-widget_type=\"menu-anchor.default\">\n\t\t\t\t<div class=\"elementor-widget-container\">\n\t\t\t\t\t<div id=\"chisiamo\" class=\"elementor-menu-anchor\"><\/div>\n\t\t\t\t<\/div>\n\t\t\t\t<\/div>\n\t\t\t\t\t\t<\/div>\n\t\t\t<\/div>\n\t\t<\/div>\n\t\t\t\t<div class=\"elementor-element elementor-element-38466f6 elementor-column elementor-col-50 elementor-top-column\" data-id=\"38466f6\" data-element_type=\"column\">\n\t\t\t<div class=\"elementor-column-wrap  elementor-element-populated\">\n\t\t\t\t\t<div class=\"elementor-widget-wrap\">\n\t\t\t\t<section class=\"elementor-element elementor-element-55efd17 elementor-section-boxed elementor-section-height-default elementor-section-height-default elementor-section elementor-inner-section\" data-id=\"55efd17\" data-element_type=\"section\">\n\t\t\t\t\t\t<div class=\"elementor-container elementor-column-gap-thegem\">\n\t\t\t\t<div class=\"elementor-row\">\n\t\t\t\t<div class=\"elementor-element elementor-element-e115a24 elementor-column elementor-col-100 elementor-inner-column\" data-id=\"e115a24\" data-element_type=\"column\">\n\t\t\t<div class=\"elementor-column-wrap\">\n\t\t\t\t\t<div class=\"elementor-widget-wrap\">\n\t\t\t\t\t\t<\/div>\n\t\t\t<\/div>\n\t\t<\/div>\n\t\t\t\t\t\t<\/div>\n\t\t\t<\/div>\n\t\t<\/section>\n\t\t\t\t<div class=\"elementor-element elementor-element-dde36be elementor-widget elementor-widget-spacer\" data-id=\"dde36be\" data-element_type=\"widget\" data-widget_type=\"spacer.default\">\n\t\t\t\t<div class=\"elementor-widget-container\">\n\t\t\t\t\t<div class=\"elementor-spacer\">\n\t\t\t<div class=\"elementor-spacer-inner\"><\/div>\n\t\t<\/div>\n\t\t\t\t<\/div>\n\t\t\t\t<\/div>\n\t\t\t\t<div class=\"elementor-element elementor-element-21e636e elementor-invisible elementor-widget elementor-widget-thegem-styledimage\" data-id=\"21e636e\" data-element_type=\"widget\" data-settings=\"{&quot;image&quot;:{&quot;url&quot;:&quot;http:\\\/\\\/legirandolecooperativasociale.it\\\/wp-content\\\/uploads\\\/2021\\\/11\\\/Logo-Finale-le-girandole.jpg&quot;,&quot;id&quot;:4412},&quot;_animation&quot;:&quot;fadeInRight&quot;,&quot;thegem_elementor_preset&quot;:&quot;default&quot;}\" data-widget_type=\"thegem-styledimage.default\">\n\t\t\t\t<div class=\"elementor-widget-container\">\n\t\t\t\n\t<div class=\"styled-image-wrapper\">\n\t\t\t\t\t<div class=\"gem-image gem-wrapbox gem-wrapbox-default gem-wrapbox-position-left  \">\n\t\t\t\t<div class=\"gem-wrapbox-inner \" >\n\t\t\t\t\t\t\t\t\t\t\t<img class=\"gem-wrapbox-element img-responsive \" src=\"https:\/\/legirandolecooperativasociale.it\/wp-content\/uploads\/2021\/11\/Logo-Finale-le-girandole-1024x558.jpg\"\n\t\t\t\t\t\talt=\"Logo-Finale-le-girandole\" >\n\t\t\t\t\t\t\t\t\t<\/div>\n\t\t\t<\/div>\n\t\t\t<\/div>\n\t\n\t\t\t\t<\/div>\n\t\t\t\t<\/div>\n\t\t\t\t\t\t<\/div>\n\t\t\t<\/div>\n\t\t<\/div>\n\t\t\t\t\t\t<\/div>\n\t\t\t<\/div>\n\t\t<\/section>\n\t\t\t\t<section class=\"elementor-element elementor-element-bfbccd7 elementor-section-boxed elementor-section-height-default elementor-section-height-default elementor-section elementor-top-section\" data-id=\"bfbccd7\" data-element_type=\"section\">\n\t\t\t\t\t\t\t<div class=\"elementor-background-overlay\"><\/div>\n\t\t\t\t\t\t\t<div class=\"elementor-container elementor-column-gap-thegem\">\n\t\t\t\t<div class=\"elementor-row\">\n\t\t\t\t<div class=\"elementor-element elementor-element-c5c4fbd elementor-column elementor-col-50 elementor-top-column\" data-id=\"c5c4fbd\" data-element_type=\"column\">\n\t\t\t<div class=\"elementor-column-wrap  elementor-element-populated\">\n\t\t\t\t\t<div class=\"elementor-widget-wrap\">\n\t\t\t\t<div class=\"elementor-element elementor-element-ade34e9 elementor-invisible elementor-widget elementor-widget-heading\" data-id=\"ade34e9\" data-element_type=\"widget\" data-settings=\"{&quot;_animation&quot;:&quot;slideInDown&quot;}\" data-widget_type=\"heading.default\">\n\t\t\t\t<div class=\"elementor-widget-container\">\n\t\t\t<h2 class=\"elementor-heading-title elementor-size-default\">Vision<\/h2>\t\t<\/div>\n\t\t\t\t<\/div>\n\t\t\t\t<div class=\"elementor-element elementor-element-95ec0a4 elementor-invisible elementor-widget elementor-widget-text-editor\" data-id=\"95ec0a4\" data-element_type=\"widget\" data-settings=\"{&quot;_animation&quot;:&quot;fadeInUp&quot;}\" data-widget_type=\"text-editor.default\">\n\t\t\t\t<div class=\"elementor-widget-container\">\n\t\t\t\t\t<div class=\"elementor-text-editor elementor-clearfix\"><p dir=\"ltr\">Sguardo al futuro<\/p><p dir=\"ltr\">Persone, servizi e spazi per una visione positiva della vita<\/p><p dir=\"ltr\">Il centro del nostro interesse \u00e8 rivolto alla qualit\u00e0 delle relazioni, la cura dell\u2019ambiente, l\u2019attenzione al benessere<\/p><p dir=\"ltr\">Immaginiamo un\u2019impresa aperta alla pluralit\u00e0 di collaborazioni, di innovazione sociale in luoghi dove la persona \u00e8 al centro, luoghi dove possono fiorire abilit\u00e0, saperi e le intelligenze del co-operare<\/p><\/div>\n\t\t\t\t<\/div>\n\t\t\t\t<\/div>\n\t\t\t\t\t\t<\/div>\n\t\t\t<\/div>\n\t\t<\/div>\n\t\t\t\t<div class=\"elementor-element elementor-element-866215f elementor-column elementor-col-50 elementor-top-column\" data-id=\"866215f\" data-element_type=\"column\">\n\t\t\t<div class=\"elementor-column-wrap  elementor-element-populated\">\n\t\t\t\t\t<div class=\"elementor-widget-wrap\">\n\t\t\t\t<div class=\"elementor-element elementor-element-83a61ca elementor-invisible elementor-widget elementor-widget-heading\" data-id=\"83a61ca\" data-element_type=\"widget\" data-settings=\"{&quot;_animation&quot;:&quot;slideInDown&quot;}\" data-widget_type=\"heading.default\">\n\t\t\t\t<div class=\"elementor-widget-container\">\n\t\t\t<h2 class=\"elementor-heading-title elementor-size-default\">Mission<\/h2>\t\t<\/div>\n\t\t\t\t<\/div>\n\t\t\t\t<div class=\"elementor-element elementor-element-d9cb3ab elementor-invisible elementor-widget elementor-widget-text-editor\" data-id=\"d9cb3ab\" data-element_type=\"widget\" data-settings=\"{&quot;_animation&quot;:&quot;fadeInUp&quot;}\" data-widget_type=\"text-editor.default\">\n\t\t\t\t<div class=\"elementor-widget-container\">\n\t\t\t\t\t<div class=\"elementor-text-editor elementor-clearfix\"><p dir=\"ltr\">Progettiamo e gestiamo, con professionalit\u00e0 e responsabilit\u00e0, servizi socio-educativi, sanitari e socio-sanitari, attivit\u00e0 ambientali e culturali per promuovere il benessere delle persone e della collettivit\u00e0.<\/p><p dir=\"ltr\">Promuoviamo interventi riabilitativi innovativi seguendo le linee guida di indirizzo sia regionali che nazionali, in risposta ai bisogni emergenti attraverso l\u2019ascolto e la relazione con il territorio, in rete con soggetti diversi (pubblico, profit, non profit e societ\u00e0 civile)<\/p><p dir=\"ltr\">Poniamo una costante attenzione alla sostenibilit\u00e0 sociale, ambientale ed economica e all\u2019utilizzo efficiente e consapevole delle risorse.<\/p><\/div>\n\t\t\t\t<\/div>\n\t\t\t\t<\/div>\n\t\t\t\t\t\t<\/div>\n\t\t\t<\/div>\n\t\t<\/div>\n\t\t\t\t\t\t<\/div>\n\t\t\t<\/div>\n\t\t<\/section>\n\t\t\t\t<section class=\"elementor-element elementor-element-1cfa036 elementor-section-boxed elementor-section-height-default elementor-section-height-default elementor-section elementor-top-section\" data-id=\"1cfa036\" data-element_type=\"section\">\n\t\t\t\t\t\t<div class=\"elementor-container elementor-column-gap-thegem\">\n\t\t\t\t<div class=\"elementor-row\">\n\t\t\t\t<div class=\"elementor-element elementor-element-46f427c elementor-column elementor-col-100 elementor-top-column\" data-id=\"46f427c\" data-element_type=\"column\">\n\t\t\t<div class=\"elementor-column-wrap  elementor-element-populated\">\n\t\t\t\t\t<div class=\"elementor-widget-wrap\">\n\t\t\t\t<div class=\"elementor-element elementor-element-3a7736a elementor-widget elementor-widget-spacer\" data-id=\"3a7736a\" data-element_type=\"widget\" data-widget_type=\"spacer.default\">\n\t\t\t\t<div class=\"elementor-widget-container\">\n\t\t\t\t\t<div class=\"elementor-spacer\">\n\t\t\t<div class=\"elementor-spacer-inner\"><\/div>\n\t\t<\/div>\n\t\t\t\t<\/div>\n\t\t\t\t<\/div>\n\t\t\t\t<div class=\"elementor-element elementor-element-af4883e elementor-invisible elementor-widget elementor-widget-text-editor\" data-id=\"af4883e\" data-element_type=\"widget\" data-settings=\"{&quot;_animation&quot;:&quot;fadeInUp&quot;}\" data-widget_type=\"text-editor.default\">\n\t\t\t\t<div class=\"elementor-widget-container\">\n\t\t\t\t\t<div class=\"elementor-text-editor elementor-clearfix\"><p>La struttura organizzativa della Cooperativa \u00e8 formata da diverse aree di intervento che\u00a0 comprendono servizi ed attivit\u00e0 specifiche, la cui gestione avviene in un&#8217;ottica unitaria di sistema.\u00a0 Il nostro modello di riferimento si ispira al principio \u201cdell&#8217;empowerment\u201d, \u00e8 basato sul\u00a0 decentramento e la condivisione delle responsabilit\u00e0, sulla diffusione e circolarit\u00e0 della comunicazione, sul lavoro di squadra.<\/p><p>E&#8217; frutto di un percorso tutt&#8217;altro che lineare ma attento e continuativo, teso a realizzare\u00a0 al meglio, nella pratica operativa, oltre che sul piano della gestione societaria, il senso\u00a0 della cooperazione.\u00a0 Seguendo lo stesso principio poniamo particolare attenzione \u2013 nella operativit\u00e0 dei\u00a0 servizi come nella politica della struttura \u2013 all&#8217;attivazione ed alla cura dei collegamenti\u00a0 \u201cdi rete\u201d, che potenziano l&#8217;efficacia degli interventi e le risorse del territorio, ma\u00a0 soprattutto sostengono la crescita di un sistema di protezione sociale attiva, fondato\u00a0 sulla collaborazione e la reciprocit\u00e0.<\/p><\/div>\n\t\t\t\t<\/div>\n\t\t\t\t<\/div>\n\t\t\t\t<div class=\"elementor-element elementor-element-48e8405 elementor-widget elementor-widget-spacer\" data-id=\"48e8405\" data-element_type=\"widget\" data-widget_type=\"spacer.default\">\n\t\t\t\t<div class=\"elementor-widget-container\">\n\t\t\t\t\t<div class=\"elementor-spacer\">\n\t\t\t<div class=\"elementor-spacer-inner\"><\/div>\n\t\t<\/div>\n\t\t\t\t<\/div>\n\t\t\t\t<\/div>\n\t\t\t\t<div class=\"elementor-element elementor-element-399ec42 elementor-widget elementor-widget-menu-anchor\" data-id=\"399ec42\" data-element_type=\"widget\" data-widget_type=\"menu-anchor.default\">\n\t\t\t\t<div class=\"elementor-widget-container\">\n\t\t\t\t\t<div id=\"servizi\" class=\"elementor-menu-anchor\"><\/div>\n\t\t\t\t<\/div>\n\t\t\t\t<\/div>\n\t\t\t\t\t\t<\/div>\n\t\t\t<\/div>\n\t\t<\/div>\n\t\t\t\t\t\t<\/div>\n\t\t\t<\/div>\n\t\t<\/section>\n\t\t\t\t<section class=\"elementor-element elementor-element-f08a166 elementor-section-boxed elementor-section-height-default elementor-section-height-default elementor-section elementor-top-section\" data-id=\"f08a166\" data-element_type=\"section\" data-settings=\"{&quot;thegem_parallax_activate&quot;:&quot;yes&quot;,&quot;thegem_parallax_activate_mobile&quot;:&quot;yes&quot;}\">\n\t\t\t\t\t\t<div class=\"elementor-container elementor-column-gap-thegem\">\n\t\t\t\t<div class=\"elementor-row\">\n\t\t\t\t<div class=\"elementor-element elementor-element-04873a7 elementor-column elementor-col-100 elementor-top-column\" data-id=\"04873a7\" data-element_type=\"column\">\n\t\t\t<div class=\"elementor-column-wrap  elementor-element-populated\">\n\t\t\t\t\t<div class=\"elementor-widget-wrap\">\n\t\t\t\t<div class=\"elementor-element elementor-element-e14750a elementor-invisible elementor-widget elementor-widget-heading\" data-id=\"e14750a\" data-element_type=\"widget\" data-settings=\"{&quot;_animation&quot;:&quot;fadeInUp&quot;}\" data-widget_type=\"heading.default\">\n\t\t\t\t<div class=\"elementor-widget-container\">\n\t\t\t<div class=\"title-h1 elementor-heading-title elementor-size-default\">I nostri Servizi<\/div>\t\t<\/div>\n\t\t\t\t<\/div>\n\t\t\t\t<div class=\"elementor-element elementor-element-6317cc5 elementor-widget elementor-widget-text-editor\" data-id=\"6317cc5\" data-element_type=\"widget\" data-widget_type=\"text-editor.default\">\n\t\t\t\t<div class=\"elementor-widget-container\">\n\t\t\t\t\t<div class=\"elementor-text-editor elementor-clearfix\"><\/div>\n\t\t\t\t<\/div>\n\t\t\t\t<\/div>\n\t\t\t\t\t\t<\/div>\n\t\t\t<\/div>\n\t\t<\/div>\n\t\t\t\t\t\t<\/div>\n\t\t\t<\/div>\n\t\t<\/section>\n\t\t\t\t<section class=\"elementor-element elementor-element-3636030 elementor-section-boxed elementor-section-height-default elementor-section-height-default elementor-section elementor-top-section\" data-id=\"3636030\" data-element_type=\"section\" data-settings=\"{&quot;background_background&quot;:&quot;classic&quot;}\">\n\t\t\t\t\t\t<div class=\"elementor-container elementor-column-gap-thegem\">\n\t\t\t\t<div class=\"elementor-row\">\n\t\t\t\t<div class=\"elementor-element elementor-element-de658df elementor-column elementor-col-100 elementor-top-column\" data-id=\"de658df\" data-element_type=\"column\">\n\t\t\t<div class=\"elementor-column-wrap  elementor-element-populated\">\n\t\t\t\t\t<div class=\"elementor-widget-wrap\">\n\t\t\t\t<div class=\"elementor-element elementor-element-8da3848 elementor-invisible elementor-widget elementor-widget-heading\" data-id=\"8da3848\" data-element_type=\"widget\" data-settings=\"{&quot;_animation&quot;:&quot;bounceInUp&quot;}\" data-widget_type=\"heading.default\">\n\t\t\t\t<div class=\"elementor-widget-container\">\n\t\t\t<div class=\"title-h6 elementor-heading-title elementor-size-default\">I principali settori d'intervento della Cooperativa \u201cLe Girandole\u201d sono rivolti ai&nbsp; minori a rischio di svantaggio sociale, a minori e giovani in situazioni di disagio&nbsp; familiare e personali. \nLa Cooperativa si impegna a sviluppare progetti rivolti alla disabilit\u00e0 in particolare modo all\u2019et\u00e0 evolutiva con i Disturbi del Neurosviluppo e alla Genitorialit\u00e0 fragile<\/div>\t\t<\/div>\n\t\t\t\t<\/div>\n\t\t\t\t\t\t<\/div>\n\t\t\t<\/div>\n\t\t<\/div>\n\t\t\t\t\t\t<\/div>\n\t\t\t<\/div>\n\t\t<\/section>\n\t\t\t\t<section class=\"elementor-element elementor-element-98adf12 elementor-section-boxed elementor-section-height-default elementor-section-height-default elementor-section elementor-top-section\" data-id=\"98adf12\" data-element_type=\"section\">\n\t\t\t\t\t\t<div class=\"elementor-container elementor-column-gap-thegem\">\n\t\t\t\t<div class=\"elementor-row\">\n\t\t\t\t<div class=\"elementor-element elementor-element-1190b25 elementor-column elementor-col-100 elementor-top-column\" data-id=\"1190b25\" data-element_type=\"column\">\n\t\t\t<div class=\"elementor-column-wrap  elementor-element-populated\">\n\t\t\t\t\t<div class=\"elementor-widget-wrap\">\n\t\t\t\t<div class=\"elementor-element elementor-element-4a93354 elementor-widget elementor-widget-menu-anchor\" data-id=\"4a93354\" data-element_type=\"widget\" data-widget_type=\"menu-anchor.default\">\n\t\t\t\t<div class=\"elementor-widget-container\">\n\t\t\t\t\t<div id=\"centroclinico\" class=\"elementor-menu-anchor\"><\/div>\n\t\t\t\t<\/div>\n\t\t\t\t<\/div>\n\t\t\t\t\t\t<\/div>\n\t\t\t<\/div>\n\t\t<\/div>\n\t\t\t\t\t\t<\/div>\n\t\t\t<\/div>\n\t\t<\/section>\n\t\t\t\t<section class=\"elementor-element elementor-element-77b4d38 elementor-section-full_width elementor-section-height-default elementor-section-height-default elementor-section elementor-top-section\" data-id=\"77b4d38\" data-element_type=\"section\">\n\t\t\t\t\t\t<div class=\"elementor-container elementor-column-gap-thegem\">\n\t\t\t\t<div class=\"elementor-row\">\n\t\t\t\t<div class=\"elementor-element elementor-element-9aa2633 elementor-column elementor-col-100 elementor-top-column\" data-id=\"9aa2633\" data-element_type=\"column\" data-settings=\"{&quot;background_background&quot;:&quot;classic&quot;}\">\n\t\t\t<div class=\"elementor-column-wrap  elementor-element-populated\">\n\t\t\t\t\t<div class=\"elementor-widget-wrap\">\n\t\t\t\t<div class=\"elementor-element elementor-element-6f938f0 elementor-invisible elementor-widget elementor-widget-heading\" data-id=\"6f938f0\" data-element_type=\"widget\" data-settings=\"{&quot;_animation&quot;:&quot;fadeIn&quot;}\" data-widget_type=\"heading.default\">\n\t\t\t\t<div class=\"elementor-widget-container\">\n\t\t\t<h2 class=\"elementor-heading-title elementor-size-default\">CENTRO CLINICO SERVIZI PER L'AUTISMO<\/h2>\t\t<\/div>\n\t\t\t\t<\/div>\n\t\t\t\t\t\t<\/div>\n\t\t\t<\/div>\n\t\t<\/div>\n\t\t\t\t\t\t<\/div>\n\t\t\t<\/div>\n\t\t<\/section>\n\t\t\t\t<section class=\"elementor-element elementor-element-d76d69f elementor-section-full_width elementor-section-height-default elementor-section-height-default elementor-section elementor-top-section\" data-id=\"d76d69f\" data-element_type=\"section\">\n\t\t\t\t\t\t<div class=\"elementor-container elementor-column-gap-thegem\">\n\t\t\t\t<div class=\"elementor-row\">\n\t\t\t\t<div class=\"elementor-element elementor-element-dee7ec5 elementor-column elementor-col-33 elementor-top-column\" data-id=\"dee7ec5\" data-element_type=\"column\" data-settings=\"{&quot;background_background&quot;:&quot;classic&quot;}\">\n\t\t\t<div class=\"elementor-column-wrap  elementor-element-populated\">\n\t\t\t\t\t<div class=\"elementor-widget-wrap\">\n\t\t\t\t<div class=\"elementor-element elementor-element-0cdecc0 elementor-invisible elementor-widget elementor-widget-heading\" data-id=\"0cdecc0\" data-element_type=\"widget\" data-settings=\"{&quot;_animation&quot;:&quot;rollIn&quot;}\" data-widget_type=\"heading.default\">\n\t\t\t\t<div class=\"elementor-widget-container\">\n\t\t\t<h4 class=\"elementor-heading-title elementor-size-default\">L'autismo<\/h4>\t\t<\/div>\n\t\t\t\t<\/div>\n\t\t\t\t<div class=\"elementor-element elementor-element-2965128 elementor-invisible elementor-widget elementor-widget-text-editor\" data-id=\"2965128\" data-element_type=\"widget\" data-settings=\"{&quot;_animation&quot;:&quot;fadeIn&quot;}\" data-widget_type=\"text-editor.default\">\n\t\t\t\t<div class=\"elementor-widget-container\">\n\t\t\t\t\t<div class=\"elementor-text-editor elementor-clearfix\"><p><span id=\"docs-internal-guid-4f3257cc-7fff-1572-5c85-efa2c0a9d004\" style=\"font-size: 12pt; font-family: Arial; color: #272627; background-color: transparent; font-variant-numeric: normal; font-variant-east-asian: normal; vertical-align: baseline; white-space: pre-wrap;\">I disturbi dello Spettro Autistico sono molto pi\u00f9 frequenti rispetto al\u00a0 passato e, attualmente, sono aumentate le conoscenze e le ricerche su questa patologia: ci\u00f2 ha favorito una migliore individuazione dei soggetti a rischio in et\u00e0\u00a0 precoce da parte dei clinici e una maggiore sensibilizzazione di genitori ed insegnanti\u00a0 a porre attenzione ad alcuni specifici problemi legati allo sviluppo del bambino. Far fronte a un emergente bisogno clinico e riabilitativo \u00e8 la nostra priorit\u00e0, in\u00a0 considerazione di quanto i disturbi dello spettro autistico, in bambini non\u00a0 adeguatamente trattati, comportino conseguenze che, nei casi pi\u00f9 gravi, possono\u00a0 determinare isolamento e mancata inclusione sociale.<\/span><\/p><\/div>\n\t\t\t\t<\/div>\n\t\t\t\t<\/div>\n\t\t\t\t\t\t<\/div>\n\t\t\t<\/div>\n\t\t<\/div>\n\t\t\t\t<div class=\"elementor-element elementor-element-08df10c elementor-column elementor-col-33 elementor-top-column\" data-id=\"08df10c\" data-element_type=\"column\" data-settings=\"{&quot;background_background&quot;:&quot;classic&quot;}\">\n\t\t\t<div class=\"elementor-column-wrap  elementor-element-populated\">\n\t\t\t\t\t<div class=\"elementor-widget-wrap\">\n\t\t\t\t<div class=\"elementor-element elementor-element-8c0a0b4 elementor-widget elementor-widget-spacer\" data-id=\"8c0a0b4\" data-element_type=\"widget\" data-widget_type=\"spacer.default\">\n\t\t\t\t<div class=\"elementor-widget-container\">\n\t\t\t\t\t<div class=\"elementor-spacer\">\n\t\t\t<div class=\"elementor-spacer-inner\"><\/div>\n\t\t<\/div>\n\t\t\t\t<\/div>\n\t\t\t\t<\/div>\n\t\t\t\t\t\t<\/div>\n\t\t\t<\/div>\n\t\t<\/div>\n\t\t\t\t<div class=\"elementor-element elementor-element-2918821 elementor-column elementor-col-33 elementor-top-column\" data-id=\"2918821\" data-element_type=\"column\" data-settings=\"{&quot;background_background&quot;:&quot;classic&quot;}\">\n\t\t\t<div class=\"elementor-column-wrap  elementor-element-populated\">\n\t\t\t\t\t<div class=\"elementor-widget-wrap\">\n\t\t\t\t<div class=\"elementor-element elementor-element-7dc8296 elementor-invisible elementor-widget elementor-widget-heading\" data-id=\"7dc8296\" data-element_type=\"widget\" data-settings=\"{&quot;_animation&quot;:&quot;rollIn&quot;}\" data-widget_type=\"heading.default\">\n\t\t\t\t<div class=\"elementor-widget-container\">\n\t\t\t<h4 class=\"elementor-heading-title elementor-size-default\">Intervento<\/h4>\t\t<\/div>\n\t\t\t\t<\/div>\n\t\t\t\t<div class=\"elementor-element elementor-element-d5e8bbb elementor-invisible elementor-widget elementor-widget-text-editor\" data-id=\"d5e8bbb\" data-element_type=\"widget\" data-settings=\"{&quot;_animation&quot;:&quot;fadeIn&quot;}\" data-widget_type=\"text-editor.default\">\n\t\t\t\t<div class=\"elementor-widget-container\">\n\t\t\t\t\t<div class=\"elementor-text-editor elementor-clearfix\"><p id=\"docs-internal-guid-9ab7da99-7fff-807e-5701-30e766bd873e\" dir=\"ltr\" style=\"line-height: 1.3800000000000001; text-indent: 0.1263580322265625pt; text-align: justify; margin: 7.7353515625pt 7.80810546875pt 0pt 0.15444183349609375pt;\"><span style=\"font-size: 12pt; font-family: Arial; color: #272627; background-color: transparent; font-variant-numeric: normal; font-variant-east-asian: normal; vertical-align: baseline; white-space: pre-wrap;\">L&#8217;intervento \u00e8 prevalentemente indicato in et\u00e0 precoce o in prima diagnosi, poich\u00e9 in&nbsp; questo modo \u00e8 possibile intervenire, in maniera globale, sul sistema famiglia bambino- scuola.<\/span><\/p><p id=\"docs-internal-guid-9ab7da99-7fff-807e-5701-30e766bd873e\" dir=\"ltr\" style=\"line-height: 1.3800000000000001; text-indent: 0.1263580322265625pt; text-align: justify; margin: 7.7353515625pt 7.80810546875pt 0pt 0.15444183349609375pt;\"><span style=\"font-size: 12pt; font-family: Arial; color: #272627; background-color: transparent; font-variant-numeric: normal; font-variant-east-asian: normal; vertical-align: baseline; white-space: pre-wrap;\">Gli interventi riabilitativi individualizzati rispondono alle linee guida&nbsp;della regione Lazio.<\/span><\/p>\n<p dir=\"ltr\" style=\"line-height: 1.3800000000000001; text-indent: -0.0982818603515625pt; text-align: justify; padding: 0pt 0pt 0pt 0.0982818603515625pt; margin: 1.6334228515625pt 3.71685791015625pt 0pt 0.28079986572265625pt;\"><span style=\"font-size: 12pt; font-family: Arial; color: #272627; background-color: transparent; font-variant-numeric: normal; font-variant-east-asian: normal; vertical-align: baseline; white-space: pre-wrap;\">La partecipazione assidua e collaborante, rappresenta per la famiglia una scoperta del&nbsp; loro essere genitori di bambini speciali, riuscendo anche a parlare delle loro emozioni, in un&#8217;ottica che non \u00e8 quella della rassegnazione davanti al disturbo del&nbsp; figlio ma di speranza.&nbsp;<\/span><\/p><\/div>\n\t\t\t\t<\/div>\n\t\t\t\t<\/div>\n\t\t\t\t\t\t<\/div>\n\t\t\t<\/div>\n\t\t<\/div>\n\t\t\t\t\t\t<\/div>\n\t\t\t<\/div>\n\t\t<\/section>\n\t\t\t\t<section class=\"elementor-element elementor-element-d8ede02 elementor-section-full_width elementor-section-height-default elementor-section-height-default elementor-section elementor-top-section\" data-id=\"d8ede02\" data-element_type=\"section\">\n\t\t\t\t\t\t<div class=\"elementor-container elementor-column-gap-thegem\">\n\t\t\t\t<div class=\"elementor-row\">\n\t\t\t\t<div class=\"elementor-element elementor-element-92429c0 elementor-column elementor-col-33 elementor-top-column\" data-id=\"92429c0\" data-element_type=\"column\" data-settings=\"{&quot;background_background&quot;:&quot;classic&quot;}\">\n\t\t\t<div class=\"elementor-column-wrap  elementor-element-populated\">\n\t\t\t\t\t<div class=\"elementor-widget-wrap\">\n\t\t\t\t<div class=\"elementor-element elementor-element-aaefb4b elementor-widget elementor-widget-spacer\" data-id=\"aaefb4b\" data-element_type=\"widget\" data-widget_type=\"spacer.default\">\n\t\t\t\t<div class=\"elementor-widget-container\">\n\t\t\t\t\t<div class=\"elementor-spacer\">\n\t\t\t<div class=\"elementor-spacer-inner\"><\/div>\n\t\t<\/div>\n\t\t\t\t<\/div>\n\t\t\t\t<\/div>\n\t\t\t\t\t\t<\/div>\n\t\t\t<\/div>\n\t\t<\/div>\n\t\t\t\t<div class=\"elementor-element elementor-element-2008752 elementor-column elementor-col-33 elementor-top-column\" data-id=\"2008752\" data-element_type=\"column\" data-settings=\"{&quot;background_background&quot;:&quot;classic&quot;}\">\n\t\t\t<div class=\"elementor-column-wrap  elementor-element-populated\">\n\t\t\t\t\t<div class=\"elementor-widget-wrap\">\n\t\t\t\t<div class=\"elementor-element elementor-element-593fb05 elementor-invisible elementor-widget elementor-widget-heading\" data-id=\"593fb05\" data-element_type=\"widget\" data-settings=\"{&quot;_animation&quot;:&quot;rollIn&quot;}\" data-widget_type=\"heading.default\">\n\t\t\t\t<div class=\"elementor-widget-container\">\n\t\t\t<h3 class=\"elementor-heading-title elementor-size-default\">A chi si rivolge<\/h3>\t\t<\/div>\n\t\t\t\t<\/div>\n\t\t\t\t<div class=\"elementor-element elementor-element-d750922 elementor-invisible elementor-widget elementor-widget-text-editor\" data-id=\"d750922\" data-element_type=\"widget\" data-settings=\"{&quot;_animation&quot;:&quot;fadeIn&quot;}\" data-widget_type=\"text-editor.default\">\n\t\t\t\t<div class=\"elementor-widget-container\">\n\t\t\t\t\t<div class=\"elementor-text-editor elementor-clearfix\"><p><span id=\"docs-internal-guid-48e1ac2b-7fff-f4e0-f927-94c6bd26131f\" style=\"font-size: 12pt; font-family: Arial; color: #272627; background-color: transparent; font-variant-numeric: normal; font-variant-east-asian: normal; vertical-align: baseline; white-space: pre-wrap;\">Gli interventi sono basati sul trattamento di tipo evolutivo utilizzando le metodologie\u00a0 derivanti dal modello Denver: fondamentale e preziosa \u00e8 la presenza in \u201cbox\u201d dei\u00a0 genitori e operatori della scuola dell&#8217;infanzia, per trasferire alle figure maggiormente\u00a0 a contatto con il bambino le competenze necessarie che ne facilitino la positiva\u00a0 evoluzione. <\/span><\/p><\/div>\n\t\t\t\t<\/div>\n\t\t\t\t<\/div>\n\t\t\t\t\t\t<\/div>\n\t\t\t<\/div>\n\t\t<\/div>\n\t\t\t\t<div class=\"elementor-element elementor-element-235e417 elementor-column elementor-col-33 elementor-top-column\" data-id=\"235e417\" data-element_type=\"column\" data-settings=\"{&quot;background_background&quot;:&quot;classic&quot;}\">\n\t\t\t<div class=\"elementor-column-wrap  elementor-element-populated\">\n\t\t\t\t\t<div class=\"elementor-widget-wrap\">\n\t\t\t\t<div class=\"elementor-element elementor-element-9afb4bb elementor-widget elementor-widget-spacer\" data-id=\"9afb4bb\" data-element_type=\"widget\" data-widget_type=\"spacer.default\">\n\t\t\t\t<div class=\"elementor-widget-container\">\n\t\t\t\t\t<div class=\"elementor-spacer\">\n\t\t\t<div class=\"elementor-spacer-inner\"><\/div>\n\t\t<\/div>\n\t\t\t\t<\/div>\n\t\t\t\t<\/div>\n\t\t\t\t\t\t<\/div>\n\t\t\t<\/div>\n\t\t<\/div>\n\t\t\t\t\t\t<\/div>\n\t\t\t<\/div>\n\t\t<\/section>\n\t\t\t\t<section class=\"elementor-element elementor-element-4e2fdd2 elementor-section-boxed elementor-section-height-default elementor-section-height-default elementor-section elementor-top-section\" data-id=\"4e2fdd2\" data-element_type=\"section\">\n\t\t\t\t\t\t\t<div class=\"elementor-background-overlay\"><\/div>\n\t\t\t\t\t\t\t<div class=\"elementor-container elementor-column-gap-thegem\">\n\t\t\t\t<div class=\"elementor-row\">\n\t\t\t\t<div class=\"elementor-element elementor-element-2f13e97 elementor-column elementor-col-50 elementor-top-column\" data-id=\"2f13e97\" data-element_type=\"column\">\n\t\t\t<div class=\"elementor-column-wrap  elementor-element-populated\">\n\t\t\t\t\t<div class=\"elementor-widget-wrap\">\n\t\t\t\t<div class=\"elementor-element elementor-element-0c9cd5f elementor-widget elementor-widget-spacer\" data-id=\"0c9cd5f\" data-element_type=\"widget\" data-widget_type=\"spacer.default\">\n\t\t\t\t<div class=\"elementor-widget-container\">\n\t\t\t\t\t<div class=\"elementor-spacer\">\n\t\t\t<div class=\"elementor-spacer-inner\"><\/div>\n\t\t<\/div>\n\t\t\t\t<\/div>\n\t\t\t\t<\/div>\n\t\t\t\t<div class=\"elementor-element elementor-element-5241289 elementor-invisible elementor-widget elementor-widget-text-editor\" data-id=\"5241289\" data-element_type=\"widget\" data-settings=\"{&quot;_animation&quot;:&quot;slideInLeft&quot;}\" data-widget_type=\"text-editor.default\">\n\t\t\t\t<div class=\"elementor-widget-container\">\n\t\t\t\t\t<div class=\"elementor-text-editor elementor-clearfix\"><h4 class=\"elementor-heading-title elementor-size-default elementor-inline-editing pen\" style=\"line-height: 38px;\" data-elementor-setting-key=\"title\" data-pen-placeholder=\"Digita qui...\">PERIODI CRITICI NEI SOGGETTI CON AUTISMO INDIVIDUATI DALLE LINEE GUIDA<\/h4><\/div>\n\t\t\t\t<\/div>\n\t\t\t\t<\/div>\n\t\t\t\t\t\t<\/div>\n\t\t\t<\/div>\n\t\t<\/div>\n\t\t\t\t<div class=\"elementor-element elementor-element-def80a9 elementor-column elementor-col-50 elementor-top-column\" data-id=\"def80a9\" data-element_type=\"column\">\n\t\t\t<div class=\"elementor-column-wrap  elementor-element-populated\">\n\t\t\t\t\t<div class=\"elementor-widget-wrap\">\n\t\t\t\t<div class=\"elementor-element elementor-element-14325fc elementor-invisible elementor-widget elementor-widget-thegem-accordion\" data-id=\"14325fc\" data-element_type=\"widget\" data-settings=\"{&quot;_animation&quot;:&quot;slideInDown&quot;,&quot;thegem_elementor_preset&quot;:&quot;classic&quot;}\" data-widget_type=\"thegem-accordion.default\">\n\t\t\t\t<div class=\"elementor-widget-container\">\n\t\t\t<div class=\"gem-tta-container\" data-vc-action=\"collapse\">\n\t<div class=\"gem-tta-general gem-tta gem-tta-accordion gem-tta-color-thegem gem-tta-style-classic gem-tta-shape-rounded gem-tta-o-shape-group gem-tta-controls-align-left\">\n\t    <div class=\"gem-tta-panels-container\">\n\t        <div class=\"gem-tta-panels\">\n\n\t        \t\n\t            \t<div id=\"section-14325fc-1\" class=\"gem-tta-panel gem-tta-active\" data-vc-content=\".gem-tta-panel-body\">\n\t                    <div class=\"gem-tta-panel-heading\">\n\t                    \t<h4 class=\"gem-tta-panel-title gem-tta-controls-icon-position-left\">\n\t                    \t\t<a href=\"#section-14325fc-1\" data-vc-accordion data-vc-container=\".gem-tta-container\">\n\n\t                    \t\t\t\t                    \t\t\t\t<span class=\"gem-tta-icon gem-tta-icon-left\">\n\t\t\t\t\t\t\t\t\t\t \t<i aria-hidden=\"true\" class=\"gem-mdi mdi-human-child\"><\/i>\t\t\t\t\t\t\t\t\t\t<\/span>\n\t\t\t\t\t\t\t\t\t\n\t                    \t\t\t<span class=\"gem-tta-title-text\">\n\t                    \t\t\t\tDai 2 ai 5 anni - Periodo Prescolare\t                    \t\t\t<\/span>\t\t\t\t\t\t\t\t\n\n\t\t\t\t\t\t\t\t\t\t\t\t\t\t\t\t\t\t\n\t\t\t\t\t\t\t\t\t<span class=\"gem-tta-controls-icon gem-tta-controls-icon-opened\">\n\t\t\t\t\t\t\t\t\t\t<i aria-hidden=\"true\" class=\"fas fa-minus\"><\/i>\t\t\t\t\t\t\t\t\t<\/span>\n\t\t\t\t\t\t\t\t\t<span class=\"gem-tta-controls-icon gem-tta-controls-icon-closed\">\n\t\t\t\t\t\t\t\t\t\t<i aria-hidden=\"true\" class=\"fas fa-plus\"><\/i>\t\t\t\t\t\t\t\t\t<\/span>\n\t                    \t\t<\/a>\n\t                    \t<\/h4>\n\t                    <\/div>\n\t                    <div class=\"gem-tta-panel-body\">\n\t\t\t\t                    <div class=\"gem-text-output\"><ul><li>ESDM &#8211; Early Start Denver Model<\/li><li>PACT &#8211; Pediatric Autism Comunication Therapy<\/li><\/ul><p>Dall&#8217;intensit\u00e0 alla Quotidianit\u00e0<\/p><\/div>\t\t\t\t                <\/div>\n\t\t\t\t            <\/div>\n\t            \n\t            \t<div id=\"section-14325fc-2\" class=\"gem-tta-panel \" data-vc-content=\".gem-tta-panel-body\">\n\t                    <div class=\"gem-tta-panel-heading\">\n\t                    \t<h4 class=\"gem-tta-panel-title gem-tta-controls-icon-position-left\">\n\t                    \t\t<a href=\"#section-14325fc-2\" data-vc-accordion data-vc-container=\".gem-tta-container\">\n\n\t                    \t\t\t\t                    \t\t\t\t<span class=\"gem-tta-icon gem-tta-icon-left\">\n\t\t\t\t\t\t\t\t\t\t \t<i aria-hidden=\"true\" class=\"fas fa-child\"><\/i>\t\t\t\t\t\t\t\t\t\t<\/span>\n\t\t\t\t\t\t\t\t\t\n\t                    \t\t\t<span class=\"gem-tta-title-text\">\n\t                    \t\t\t\tDai 6 ai 13 Anni - Periodo Scolare\t                    \t\t\t<\/span>\t\t\t\t\t\t\t\t\n\n\t\t\t\t\t\t\t\t\t\t\t\t\t\t\t\t\t\t\n\t\t\t\t\t\t\t\t\t<span class=\"gem-tta-controls-icon gem-tta-controls-icon-opened\">\n\t\t\t\t\t\t\t\t\t\t<i aria-hidden=\"true\" class=\"fas fa-minus\"><\/i>\t\t\t\t\t\t\t\t\t<\/span>\n\t\t\t\t\t\t\t\t\t<span class=\"gem-tta-controls-icon gem-tta-controls-icon-closed\">\n\t\t\t\t\t\t\t\t\t\t<i aria-hidden=\"true\" class=\"fas fa-plus\"><\/i>\t\t\t\t\t\t\t\t\t<\/span>\n\t                    \t\t<\/a>\n\t                    \t<\/h4>\n\t                    <\/div>\n\t                    <div class=\"gem-tta-panel-body\">\n\t\t\t\t                    <div class=\"gem-text-output\"><ul><li>Modello integrato:<\/li><\/ul><p>TMG &#8211; Terapia Mediata dei Genitori<\/p><p>Parent Training<\/p><p>Teacher Training<\/p><\/div>\t\t\t\t                <\/div>\n\t\t\t\t            <\/div>\n\t            \n\t            \t<div id=\"section-14325fc-3\" class=\"gem-tta-panel \" data-vc-content=\".gem-tta-panel-body\">\n\t                    <div class=\"gem-tta-panel-heading\">\n\t                    \t<h4 class=\"gem-tta-panel-title gem-tta-controls-icon-position-left\">\n\t                    \t\t<a href=\"#section-14325fc-3\" data-vc-accordion data-vc-container=\".gem-tta-container\">\n\n\t                    \t\t\t\t                    \t\t\t\t<span class=\"gem-tta-icon gem-tta-icon-left\">\n\t\t\t\t\t\t\t\t\t\t \t<i aria-hidden=\"true\" class=\"gem-mdi mdi-human-male-female\"><\/i>\t\t\t\t\t\t\t\t\t\t<\/span>\n\t\t\t\t\t\t\t\t\t\n\t                    \t\t\t<span class=\"gem-tta-title-text\">\n\t                    \t\t\t\tDai 13 ai 18 anni - Adolescenza\t                    \t\t\t<\/span>\t\t\t\t\t\t\t\t\n\n\t\t\t\t\t\t\t\t\t\t\t\t\t\t\t\t\t\t\n\t\t\t\t\t\t\t\t\t<span class=\"gem-tta-controls-icon gem-tta-controls-icon-opened\">\n\t\t\t\t\t\t\t\t\t\t<i aria-hidden=\"true\" class=\"fas fa-minus\"><\/i>\t\t\t\t\t\t\t\t\t<\/span>\n\t\t\t\t\t\t\t\t\t<span class=\"gem-tta-controls-icon gem-tta-controls-icon-closed\">\n\t\t\t\t\t\t\t\t\t\t<i aria-hidden=\"true\" class=\"fas fa-plus\"><\/i>\t\t\t\t\t\t\t\t\t<\/span>\n\t                    \t\t<\/a>\n\t                    \t<\/h4>\n\t                    <\/div>\n\t                    <div class=\"gem-tta-panel-body\">\n\t\t\t\t                    <div class=\"gem-text-output\"><ul><li>Aspetto Sociale con i gruppi<\/li><li>Compagno Adulto<\/li><\/ul><\/div>\t\t\t\t                <\/div>\n\t\t\t\t            <\/div>\n\t            \t        <\/div>\n\t    <\/div>\n    <\/div>\n<\/div>\n\t\t\t\t\t<\/div>\n\t\t\t\t<\/div>\n\t\t\t\t\t\t<\/div>\n\t\t\t<\/div>\n\t\t<\/div>\n\t\t\t\t\t\t<\/div>\n\t\t\t<\/div>\n\t\t<\/section>\n\t\t\t\t<section class=\"elementor-element elementor-element-6c83040 elementor-section-boxed elementor-section-height-default elementor-section-height-default elementor-section elementor-top-section\" data-id=\"6c83040\" data-element_type=\"section\">\n\t\t\t\t\t\t\t<div class=\"elementor-background-overlay\"><\/div>\n\t\t\t\t\t\t\t<div class=\"elementor-container elementor-column-gap-thegem\">\n\t\t\t\t<div class=\"elementor-row\">\n\t\t\t\t<div class=\"elementor-element elementor-element-d6d134c elementor-column elementor-col-33 elementor-top-column\" data-id=\"d6d134c\" data-element_type=\"column\" data-settings=\"{&quot;background_background&quot;:&quot;classic&quot;}\">\n\t\t\t<div class=\"elementor-column-wrap  elementor-element-populated\">\n\t\t\t\t\t<div class=\"elementor-widget-wrap\">\n\t\t\t\t<div class=\"elementor-element elementor-element-7b3c068 elementor-widget elementor-widget-image\" data-id=\"7b3c068\" data-element_type=\"widget\" data-widget_type=\"image.default\">\n\t\t\t\t<div class=\"elementor-widget-container\">\n\t\t\t\t\t<div class=\"elementor-image\">\n\t\t\t\t\t\t\t\t\t\t<img width=\"387\" height=\"731\" src=\"https:\/\/legirandolecooperativasociale.it\/wp-content\/uploads\/2018\/11\/immagine-invio-richiesta-e1542726144197.jpg\" class=\"attachment-thegem-custom-product-categories size-thegem-custom-product-categories\" alt=\"\" srcset=\"https:\/\/legirandolecooperativasociale.it\/wp-content\/uploads\/2018\/11\/immagine-invio-richiesta-e1542726144197.jpg 1864w, https:\/\/legirandolecooperativasociale.it\/wp-content\/uploads\/2018\/11\/immagine-invio-richiesta-e1542726144197-159x300.jpg 159w, https:\/\/legirandolecooperativasociale.it\/wp-content\/uploads\/2018\/11\/immagine-invio-richiesta-e1542726144197-768x1449.jpg 768w, https:\/\/legirandolecooperativasociale.it\/wp-content\/uploads\/2018\/11\/immagine-invio-richiesta-e1542726144197-543x1024.jpg 543w, https:\/\/legirandolecooperativasociale.it\/wp-content\/uploads\/2018\/11\/immagine-invio-richiesta-e1542726144197-500x943.jpg 500w\" sizes=\"(max-width: 387px) 100vw, 387px\" \/>\t\t\t\t\t\t\t\t\t\t\t<\/div>\n\t\t\t\t<\/div>\n\t\t\t\t<\/div>\n\t\t\t\t\t\t<\/div>\n\t\t\t<\/div>\n\t\t<\/div>\n\t\t\t\t<div class=\"elementor-element elementor-element-e93aa0a elementor-column elementor-col-66 elementor-top-column\" data-id=\"e93aa0a\" data-element_type=\"column\" data-settings=\"{&quot;background_background&quot;:&quot;classic&quot;}\">\n\t\t\t<div class=\"elementor-column-wrap  elementor-element-populated\">\n\t\t\t\t\t<div class=\"elementor-widget-wrap\">\n\t\t\t\t<div class=\"elementor-element elementor-element-21b0241 elementor-tabs-view-horizontal elementor-widget elementor-widget-tabs\" data-id=\"21b0241\" data-element_type=\"widget\" data-widget_type=\"tabs.default\">\n\t\t\t\t<div class=\"elementor-widget-container\">\n\t\t\t\t\t<div class=\"elementor-tabs\" role=\"tablist\">\n\t\t\t<div class=\"elementor-tabs-wrapper\">\n\t\t\t\t\t\t\t\t\t<div id=\"elementor-tab-title-3531\" class=\"elementor-tab-title elementor-tab-desktop-title\" data-tab=\"1\" role=\"tab\" aria-controls=\"elementor-tab-content-3531\"><a href=\"\">PACT<\/a><\/div>\n\t\t\t\t\t\t\t\t\t<div id=\"elementor-tab-title-3532\" class=\"elementor-tab-title elementor-tab-desktop-title\" data-tab=\"2\" role=\"tab\" aria-controls=\"elementor-tab-content-3532\"><a href=\"\">Teacher Training<\/a><\/div>\n\t\t\t\t\t\t\t\t\t<div id=\"elementor-tab-title-3533\" class=\"elementor-tab-title elementor-tab-desktop-title\" data-tab=\"3\" role=\"tab\" aria-controls=\"elementor-tab-content-3533\"><a href=\"\">Parent Training<\/a><\/div>\n\t\t\t\t\t\t\t<\/div>\n\t\t\t<div class=\"elementor-tabs-content-wrapper\">\n\t\t\t\t\t\t\t\t\t<div class=\"elementor-tab-title elementor-tab-mobile-title\" data-tab=\"1\" role=\"tab\">PACT<\/div>\n\t\t\t\t\t<div id=\"elementor-tab-content-3531\" class=\"elementor-tab-content elementor-clearfix\" data-tab=\"1\" role=\"tabpanel\" aria-labelledby=\"elementor-tab-title-3531\"><p dir=\"ltr\"><strong>Il PACT (Paediatric Autism Communication Therapy)<\/strong> \u00e8 un intervento teoricamente fondato, mediato dai genitori e video-assistito concepito per promuovere le competenze comunicativo-sociali di bambini con disturbo dello spettro autistico. I principi su cui si fonda il PACT derivano dalle ricerche sullo sviluppo pre-linguistico, linguistico e pragmatico. L\u2019approccio si basa su interventi per sviluppare i precursori dei primi stadi dello sviluppo linguistico ed \u00e8 indirizzato al core deficit dell\u2019attenzione condivisa, della comprensione, della comunicazione intenzionale.<\/p><p dir=\"ltr\"><strong>L\u2019attivit\u00e0 di<\/strong> gioco tra l\u2019adulto e il bambino \u00e8 parte integrante dell\u2019intervento, utile per regolare la gestione dei sintomi nei trattamenti, come mostrato nei trials sulla comunicazione sociale nell\u2019autismo precoce. Il razionale dell\u2019intervento PACT fonda sull\u2019evidenza che i bambini con disturbo dello spettro autistico necessitano di uno stile interattivo adattato in maniera specifica al loro livello comunicativo-sociale.<\/p><p dir=\"ltr\"><strong>Il programma<\/strong> \u00e8 focalizzato sul cambiamento dell\u2019interazione nella diade adulto-bambino allo scopo di promuovere la comunicazione del bambino con disturbo dello spettro autistico. Il training \u00e8 condotto da figure professionali del settore, quali psicologi, terapisti della neuro e psicomotricit\u00e0 dell\u2019et\u00e0 evolutiva, logopedisti, neuropsichiatri infantili, educatori professionali.<\/p><p dir=\"ltr\"><strong>Lo scopo<\/strong> \u00e8 incoraggiare gli adulti che conoscono bene il bambino (genitori e altri caregiver) ad utilizzare uno stile interattivo adattato, durante il gioco e le altre attivit\u00e0 a casa con il bambino. Il PACT non \u00e8 un trattamento omnicomprensivo, non lavora sul comportamento problema, va integrato con altre terapie. E\u2019 un intervento trasversale ad altre modalit\u00e0 terapeutiche, non \u00e8 terapia al bambino ma utilizza il genitore per sollecitare le sue competenze genitoriali cos\u00ec da ampliare e consolidare l\u2019intenzionalit\u00e0 comunicativa.<\/p><p dir=\"ltr\"><strong>L\u2019intervento<\/strong> PACT segue una gerarchia evolutiva di abilit\u00e0 comunicative e sociali collegate allo sviluppo della reciprocit\u00e0 sociale, prelinguistica e linguistica, abilit\u00e0 compromesse nei bambini con disturbo dello spettro autistico. Scopo dell\u2019intervento \u00e8 guidare gli adulti nell\u2019offrire tempestivamente al bambino un contesto di interazione fortemente adattato in cui le risposte comunicative e il linguaggio sono coerenti con la competenza comunicativa e la comprensione linguistica del bambino. Gli adulti imparano a riconoscere le finestre di opportunit\u00e0 per facilitare le interazioni congiunte, promuovere la comunicazione emergente, stimolare l\u2019intenzionalit\u00e0 del bambino e supportare la comprensione del linguaggio sperando di influenzare positivamente il percorso atipico di sviluppo.<\/p><\/div>\n\t\t\t\t\t\t\t\t\t<div class=\"elementor-tab-title elementor-tab-mobile-title\" data-tab=\"2\" role=\"tab\">Teacher Training<\/div>\n\t\t\t\t\t<div id=\"elementor-tab-content-3532\" class=\"elementor-tab-content elementor-clearfix\" data-tab=\"2\" role=\"tabpanel\" aria-labelledby=\"elementor-tab-title-3532\"><div>Il <strong>Teacher Training<\/strong> \u00e8 un percorso formativo rivolto ad insegnanti ed educatori che quotidianamente partecipano al percorso del minore con disabilit\u00e0.<\/div><div>\u00a0<\/div><div><strong>L&#8217;obiettivo principale<\/strong> \u00e8 quello di arricchire le competenze psico-pedagogiche del personale docente ed educativo attraverso la conoscenza di modalit\u00e0 educative e tecniche di insegnamento delle abilit\u00e0 legate alla comunicazione, alle autonomie e all&#8217;apprendimento. Risulta fondamentale approfondire i seguenti ambiti:<\/div><div><ul><li>Conoscenza del funzionamento neuro-psicologico del bambino con autismo<\/li><li>Conoscere ed acquisire tecniche di insegnamento delle abilit\u00e0 legate all&#8217;apprendimento, alla comunicazione, alle autonomie, alle abilit\u00e0 sociali<\/li><li>Conoscere gli interventi funzionali alla lettura e gestione dei &#8220;comportamenti problema&#8221;<\/li><li>Conoscere strumenti di rilevazione e programmazione dei percorsi abilitativi e riabilitativi individualizzati<\/li><\/ul><div>Un aspetto importante \u00e8 rappresentato dal <strong>coinvolgimento attivo<\/strong> di insegnanti curriculari, di sostegno, assistenti specialistici, terapisti e genitori nel costruire una rete in modo collaborativo e sinergico, contribuendo alla definizione di un percorso condiviso che tenga conto delle necessit\u00e0 e dei bisogni di ogni singolo studente.<\/div><\/div><\/div>\n\t\t\t\t\t\t\t\t\t<div class=\"elementor-tab-title elementor-tab-mobile-title\" data-tab=\"3\" role=\"tab\">Parent Training<\/div>\n\t\t\t\t\t<div id=\"elementor-tab-content-3533\" class=\"elementor-tab-content elementor-clearfix\" data-tab=\"3\" role=\"tabpanel\" aria-labelledby=\"elementor-tab-title-3533\"><div><div dir=\"auto\">Il <strong>Parent Trainin<\/strong>g consiste in una serie di attivita\u0300, informative e formative che hanno la finalita\u0300 di trasmettere ai genitori competenze specifiche relative alle metodologie comportamentali in ambito educativo, renderli sempre piu\u0300 autonomi nell\u2019educazione dei propri figli.<\/div><div dir=\"auto\"><strong>L\u2019obiettivo degli incontri<\/strong> e\u0300 di:<\/div><div dir=\"auto\">&#8211; Raccogliere informazioni piu\u0300 precise sulle difficolta\u0300 del bambino e sulla gestione quotidiana;<\/div><div dir=\"auto\">&#8211; Rinforzare le competenze genitoriali;<\/div><div dir=\"auto\">&#8211; Migliorare la relazione e la comunicazione tra genitori e figli;<\/div><div dir=\"auto\">&#8211;\u00a0Insegnare metodi educativi basati sull\u2019osservazione sistematica del comportamento;<\/div><div dir=\"auto\">&#8211; Far acquisire informazioni corrette in merito ad un eventuale disturbo del bambino (per esempio il Disturbo dello Spettro\u00a0 \u00a0 \u00a0 \u00a0 \u00a0 \u00a0Autistico) ed alle modalita\u0300 funzionali di fronteggiamento delle situazioni problematiche;<\/div><div dir=\"auto\">&#8211; Ridurre condotte problematiche.<\/div><\/div><div><div dir=\"auto\">Sono incontri tematici che prevedono l\u2019esposizione su argomenti teorici considerati di rilievo per il miglioramento della qualita\u0300 della vita in famiglia, dove vengono presentate le diverse tecniche educative (per esempio come utilizzare il sistema di rinforzo o punizione) e i genitori possono esercitarsi nell\u2019applicazione della tecnica appena appresa attraverso giochi di ruolo nonche\u0301 tramite i \u201ccompiti per casa\u201d assegnati per quella specifica abilita\u0300.<\/div><div dir=\"auto\">\u00a0 \u00a0<strong>L\u2019obiettivo finale<\/strong> e\u0300 quello di offrire ai genitori non la soluzione ad un solo problema, ma una tecnica che li possa aiutare in diversi momenti della crescita dei loro figli.<\/div><div><div dir=\"auto\"><strong>Perche\u0300 per noi e\u0300 fondamentale intraprendere un Parent Training?<\/strong><\/div><div dir=\"auto\">&#8211; Perche\u0300 genitori sono a contatto con i loro figli piu\u0300 a lungo di qualsiasi altra persona. Il con loro coinvolgimento facilita la generalizzazione delle abilita\u0300.<\/div><div dir=\"auto\">&#8211; Perche\u0300 i programmi di formazione rivolti ai genitori permettono di affrontare nuovi problemi che potrebbero emergere in futuro.<\/div><div dir=\"auto\">&#8211; Perche\u0300 i genitori, alla fine del periodo formativo, si sentono elementi responsabili nel favorire il corretto sviluppo cognitivo e sociale del loro figlio.<\/div><div dir=\"auto\">\u00a0<\/div><\/div><\/div><\/div>\n\t\t\t\t\t\t\t<\/div>\n\t\t<\/div>\n\t\t\t\t<\/div>\n\t\t\t\t<\/div>\n\t\t\t\t\t\t<\/div>\n\t\t\t<\/div>\n\t\t<\/div>\n\t\t\t\t\t\t<\/div>\n\t\t\t<\/div>\n\t\t<\/section>\n\t\t\t\t<section class=\"elementor-element elementor-element-47076a3 elementor-section-boxed elementor-section-height-default elementor-section-height-default elementor-section elementor-top-section\" data-id=\"47076a3\" data-element_type=\"section\" data-settings=\"{&quot;thegem_parallax_activate&quot;:&quot;yes&quot;,&quot;thegem_parallax_activate_mobile&quot;:&quot;yes&quot;}\">\n\t\t\t\t\t\t<div class=\"elementor-container elementor-column-gap-thegem\">\n\t\t\t\t<div class=\"elementor-row\">\n\t\t\t\t<div class=\"elementor-element elementor-element-643b191 elementor-column elementor-col-100 elementor-top-column\" data-id=\"643b191\" data-element_type=\"column\">\n\t\t\t<div class=\"elementor-column-wrap  elementor-element-populated\">\n\t\t\t\t\t<div class=\"elementor-widget-wrap\">\n\t\t\t\t\t\t<\/div>\n\t\t\t<\/div>\n\t\t<\/div>\n\t\t\t\t\t\t<\/div>\n\t\t\t<\/div>\n\t\t<\/section>\n\t\t\t\t<section class=\"elementor-element elementor-element-7758325 elementor-section-boxed elementor-section-height-default elementor-section-height-default elementor-section elementor-top-section\" data-id=\"7758325\" data-element_type=\"section\">\n\t\t\t\t\t\t<div class=\"elementor-container elementor-column-gap-thegem\">\n\t\t\t\t<div class=\"elementor-row\">\n\t\t\t\t<div class=\"elementor-element elementor-element-affa2a1 elementor-column elementor-col-100 elementor-top-column\" data-id=\"affa2a1\" data-element_type=\"column\">\n\t\t\t<div class=\"elementor-column-wrap  elementor-element-populated\">\n\t\t\t\t\t<div class=\"elementor-widget-wrap\">\n\t\t\t\t<div class=\"elementor-element elementor-element-d6bdee8 elementor-widget elementor-widget-menu-anchor\" data-id=\"d6bdee8\" data-element_type=\"widget\" data-widget_type=\"menu-anchor.default\">\n\t\t\t\t<div class=\"elementor-widget-container\">\n\t\t\t\t\t<div id=\"asilo\" class=\"elementor-menu-anchor\"><\/div>\n\t\t\t\t<\/div>\n\t\t\t\t<\/div>\n\t\t\t\t\t\t<\/div>\n\t\t\t<\/div>\n\t\t<\/div>\n\t\t\t\t\t\t<\/div>\n\t\t\t<\/div>\n\t\t<\/section>\n\t\t\t\t<section class=\"elementor-element elementor-element-dcca945 elementor-section-boxed elementor-section-height-default elementor-section-height-default elementor-section elementor-top-section\" data-id=\"dcca945\" data-element_type=\"section\">\n\t\t\t\t\t\t<div class=\"elementor-container elementor-column-gap-thegem\">\n\t\t\t\t<div class=\"elementor-row\">\n\t\t\t\t<div class=\"elementor-element elementor-element-aa1cb46 elementor-column elementor-col-50 elementor-top-column\" data-id=\"aa1cb46\" data-element_type=\"column\">\n\t\t\t<div class=\"elementor-column-wrap  elementor-element-populated\">\n\t\t\t\t\t<div class=\"elementor-widget-wrap\">\n\t\t\t\t<div class=\"elementor-element elementor-element-94b52f7 elementor-widget elementor-widget-thegem-styledimage\" data-id=\"94b52f7\" data-element_type=\"widget\" data-settings=\"{&quot;image&quot;:{&quot;url&quot;:&quot;http:\\\/\\\/legirandolecooperativasociale.it\\\/wp-content\\\/uploads\\\/revslider\\\/kiddie\\\/kids.png&quot;,&quot;id&quot;:3550},&quot;thegem_elementor_preset&quot;:&quot;default&quot;}\" data-widget_type=\"thegem-styledimage.default\">\n\t\t\t\t<div class=\"elementor-widget-container\">\n\t\t\t\n\t<div class=\"styled-image-wrapper\">\n\t\t\t\t\t<div class=\"gem-image gem-wrapbox gem-wrapbox-default gem-wrapbox-position-left  \">\n\t\t\t\t<div class=\"gem-wrapbox-inner \" >\n\t\t\t\t\t\t\t\t\t\t\t<img class=\"gem-wrapbox-element img-responsive \" src=\"https:\/\/legirandolecooperativasociale.it\/wp-content\/uploads\/revslider\/kiddie\/kids.png\"\n\t\t\t\t\t\talt=\"kids.png\" >\n\t\t\t\t\t\t\t\t\t<\/div>\n\t\t\t<\/div>\n\t\t\t<\/div>\n\t\n\t\t\t\t<\/div>\n\t\t\t\t<\/div>\n\t\t\t\t\t\t<\/div>\n\t\t\t<\/div>\n\t\t<\/div>\n\t\t\t\t<div class=\"elementor-element elementor-element-7bb0b82 elementor-column elementor-col-50 elementor-top-column\" data-id=\"7bb0b82\" data-element_type=\"column\">\n\t\t\t<div class=\"elementor-column-wrap  elementor-element-populated\">\n\t\t\t\t\t<div class=\"elementor-widget-wrap\">\n\t\t\t\t<div class=\"elementor-element elementor-element-fd81f60 elementor-invisible elementor-widget elementor-widget-heading\" data-id=\"fd81f60\" data-element_type=\"widget\" data-settings=\"{&quot;_animation&quot;:&quot;fadeIn&quot;}\" data-widget_type=\"heading.default\">\n\t\t\t\t<div class=\"elementor-widget-container\">\n\t\t\t<div class=\"title-h1 elementor-heading-title elementor-size-default\">Asilo<\/div>\t\t<\/div>\n\t\t\t\t<\/div>\n\t\t\t\t<div class=\"elementor-element elementor-element-95d556c elementor-invisible elementor-widget elementor-widget-text-editor\" data-id=\"95d556c\" data-element_type=\"widget\" data-settings=\"{&quot;_animation&quot;:&quot;fadeIn&quot;}\" data-widget_type=\"text-editor.default\">\n\t\t\t\t<div class=\"elementor-widget-container\">\n\t\t\t\t\t<div class=\"elementor-text-editor elementor-clearfix\"><p><span style=\"font-weight: 400;\">L&#8217;asilo nido \u201cLe Girandole\u201d si propone di offrire un servizio che non si limiti ad una\u00a0 funzione di sostegno alle famiglie nella cura dei figli, o di supporto per facilitare\u00a0 l\u2019accesso dei genitori al lavoro, ma a favorire l\u2019espressione delle potenzialit\u00e0\u00a0 cognitive, affettive e relazionali del bambino, perseguendo finalit\u00e0 formative.\u00a0<\/span><\/p><\/div>\n\t\t\t\t<\/div>\n\t\t\t\t<\/div>\n\t\t\t\t<div class=\"elementor-element elementor-element-9165f19 elementor-widget elementor-widget-spacer\" data-id=\"9165f19\" data-element_type=\"widget\" data-widget_type=\"spacer.default\">\n\t\t\t\t<div class=\"elementor-widget-container\">\n\t\t\t\t\t<div class=\"elementor-spacer\">\n\t\t\t<div class=\"elementor-spacer-inner\"><\/div>\n\t\t<\/div>\n\t\t\t\t<\/div>\n\t\t\t\t<\/div>\n\t\t\t\t<div class=\"elementor-element elementor-element-59ae165 elementor-widget elementor-widget-text-editor\" data-id=\"59ae165\" data-element_type=\"widget\" data-widget_type=\"text-editor.default\">\n\t\t\t\t<div class=\"elementor-widget-container\">\n\t\t\t\t\t<div class=\"elementor-text-editor elementor-clearfix\"><p><b>MODALIT\u00c0 DI ACCESSO\u00a0<\/b><\/p><p><span style=\"font-weight: 400;\">L&#8217;asilo nido \u201cLe Girandole\u201d, nell\u2019ambito delle finalit\u00e0 generali per tutti i bambini,\u00a0 presta una grande attenzione alle situazioni di svantaggio derivanti da una pluralit\u00e0 di\u00a0 cause, organizzando, con la consulenza e la cooperazione dei servizi sociali e sanitari,\u00a0 interventi orientati a ridurre gli handicap e a offrire pari opportunit\u00e0 di crescita a tutti\u00a0 i bambini, soprattutto a coloro che si trovano in condizioni di maggiore difficolt\u00e0. <\/span><\/p><\/div>\n\t\t\t\t<\/div>\n\t\t\t\t<\/div>\n\t\t\t\t<section class=\"elementor-element elementor-element-f346a95 elementor-section-boxed elementor-section-height-default elementor-section-height-default elementor-section elementor-inner-section\" data-id=\"f346a95\" data-element_type=\"section\">\n\t\t\t\t\t\t<div class=\"elementor-container elementor-column-gap-thegem\">\n\t\t\t\t<div class=\"elementor-row\">\n\t\t\t\t<div class=\"elementor-element elementor-element-ff44d0a elementor-column elementor-col-50 elementor-inner-column\" data-id=\"ff44d0a\" data-element_type=\"column\">\n\t\t\t<div class=\"elementor-column-wrap  elementor-element-populated\">\n\t\t\t\t\t<div class=\"elementor-widget-wrap\">\n\t\t\t\t<div class=\"elementor-element elementor-element-92e47ba elementor-widget elementor-widget-text-editor\" data-id=\"92e47ba\" data-element_type=\"widget\" data-widget_type=\"text-editor.default\">\n\t\t\t\t<div class=\"elementor-widget-container\">\n\t\t\t\t\t<div class=\"elementor-text-editor elementor-clearfix\"><p><b>STRUTTURA DOVE SI SVOLGE IL SERVIZIO:\u00a0<\/b><\/p><p><span style=\"font-weight: 400;\">Asilo Nido \u201cLe Girandole\u201d via Leonardo Da Vinci 43, 04014 Pontinia LT\u00a0<\/span><\/p><\/div>\n\t\t\t\t<\/div>\n\t\t\t\t<\/div>\n\t\t\t\t\t\t<\/div>\n\t\t\t<\/div>\n\t\t<\/div>\n\t\t\t\t<div class=\"elementor-element elementor-element-9052d33 elementor-column elementor-col-50 elementor-inner-column\" data-id=\"9052d33\" data-element_type=\"column\">\n\t\t\t<div class=\"elementor-column-wrap  elementor-element-populated\">\n\t\t\t\t\t<div class=\"elementor-widget-wrap\">\n\t\t\t\t<div class=\"elementor-element elementor-element-ae968fb elementor-widget elementor-widget-thegem-styledbutton\" data-id=\"ae968fb\" data-element_type=\"widget\" data-settings=\"{&quot;thegem_button_skin&quot;:&quot;outline&quot;}\" data-widget_type=\"thegem-styledbutton.default\">\n\t\t\t\t<div class=\"elementor-widget-container\">\n\t\t\t\n<div class=\"gem-button-container gem-widget-button\">\n\n\t\t<a class=\"gem-button gem-button-size-medium gem-button-text-weight-bold gem-button-style-outline gem-button-border-3\" href=\"https:\/\/asilonidolegirandole.it\/\">\n\t\t<span class=\"gem-inner-wrapper-btn\">\n\t\t\t\t\t\t<span class=\"gem-text-button\">\n\t\t\t\tVisita il Sito\t\t\t<\/span>\n\t\t<\/span>\n\t<\/a>\n\n\t\n<\/div>\t\t<\/div>\n\t\t\t\t<\/div>\n\t\t\t\t\t\t<\/div>\n\t\t\t<\/div>\n\t\t<\/div>\n\t\t\t\t\t\t<\/div>\n\t\t\t<\/div>\n\t\t<\/section>\n\t\t\t\t\t\t<\/div>\n\t\t\t<\/div>\n\t\t<\/div>\n\t\t\t\t\t\t<\/div>\n\t\t\t<\/div>\n\t\t<\/section>\n\t\t\t\t<section class=\"elementor-element elementor-element-143e5af elementor-section-boxed elementor-section-height-default elementor-section-height-default elementor-section elementor-top-section\" data-id=\"143e5af\" data-element_type=\"section\">\n\t\t\t\t\t\t<div class=\"elementor-container elementor-column-gap-thegem\">\n\t\t\t\t<div class=\"elementor-row\">\n\t\t\t\t<div class=\"elementor-element elementor-element-75fa2b0 elementor-column elementor-col-100 elementor-top-column\" data-id=\"75fa2b0\" data-element_type=\"column\">\n\t\t\t<div class=\"elementor-column-wrap  elementor-element-populated\">\n\t\t\t\t\t<div class=\"elementor-widget-wrap\">\n\t\t\t\t<div class=\"elementor-element elementor-element-fbbe054 elementor-widget elementor-widget-menu-anchor\" data-id=\"fbbe054\" data-element_type=\"widget\" data-widget_type=\"menu-anchor.default\">\n\t\t\t\t<div class=\"elementor-widget-container\">\n\t\t\t\t\t<div id=\"edudomiciliare\" class=\"elementor-menu-anchor\"><\/div>\n\t\t\t\t<\/div>\n\t\t\t\t<\/div>\n\t\t\t\t\t\t<\/div>\n\t\t\t<\/div>\n\t\t<\/div>\n\t\t\t\t\t\t<\/div>\n\t\t\t<\/div>\n\t\t<\/section>\n\t\t\t\t<section class=\"elementor-element elementor-element-d604b70 elementor-section-boxed elementor-section-height-default elementor-section-height-default elementor-section elementor-top-section\" data-id=\"d604b70\" data-element_type=\"section\" data-settings=\"{&quot;thegem_parallax_activate&quot;:&quot;yes&quot;,&quot;thegem_parallax_activate_mobile&quot;:&quot;yes&quot;}\">\n\t\t\t\t\t\t<div class=\"elementor-container elementor-column-gap-thegem\">\n\t\t\t\t<div class=\"elementor-row\">\n\t\t\t\t<div class=\"elementor-element elementor-element-6c16d22 elementor-column elementor-col-100 elementor-top-column\" data-id=\"6c16d22\" data-element_type=\"column\">\n\t\t\t<div class=\"elementor-column-wrap  elementor-element-populated\">\n\t\t\t\t\t<div class=\"elementor-widget-wrap\">\n\t\t\t\t<div class=\"elementor-element elementor-element-d8b8fb7 elementor-invisible elementor-widget elementor-widget-heading\" data-id=\"d8b8fb7\" data-element_type=\"widget\" data-settings=\"{&quot;_animation&quot;:&quot;fadeInUp&quot;}\" data-widget_type=\"heading.default\">\n\t\t\t\t<div class=\"elementor-widget-container\">\n\t\t\t<div class=\"title-h2 elementor-heading-title elementor-size-xl\">SERVIZIO EDUCATIVO DOMICILIARE<\/div>\t\t<\/div>\n\t\t\t\t<\/div>\n\t\t\t\t<div class=\"elementor-element elementor-element-1071524 elementor-widget elementor-widget-spacer\" data-id=\"1071524\" data-element_type=\"widget\" data-widget_type=\"spacer.default\">\n\t\t\t\t<div class=\"elementor-widget-container\">\n\t\t\t\t\t<div class=\"elementor-spacer\">\n\t\t\t<div class=\"elementor-spacer-inner\"><\/div>\n\t\t<\/div>\n\t\t\t\t<\/div>\n\t\t\t\t<\/div>\n\t\t\t\t<div class=\"elementor-element elementor-element-ffe6ff5 elementor-invisible elementor-widget elementor-widget-text-editor\" data-id=\"ffe6ff5\" data-element_type=\"widget\" data-settings=\"{&quot;_animation&quot;:&quot;fadeInUp&quot;}\" data-widget_type=\"text-editor.default\">\n\t\t\t\t<div class=\"elementor-widget-container\">\n\t\t\t\t\t<div class=\"elementor-text-editor elementor-clearfix\"><p>Il servizio educativo domiciliare, gestito dalla Cooperativa sociale &#8220;Le Girandole&#8221; in forma di accreditamento, \u00e8 un servizio che persegue le finalit\u00e0 di intervento per minori e famiglie, rivolto alla disabilit\u00e0 in particolare modo all\u2019et\u00e0 evolutiva con i Disturbi del Neurosviluppo e alla Genitorialit\u00e0 fragile, caratterizzandosi come azione di sostegno e aiuto a soggetti minori in difficolt\u00e0 e svolgendosi all&#8217;interno del contesto familiare in cui gli stessi soggetti vivono.\u00a0<\/p><p>Il servizio educativo domiciliare mira all\u2019acquisizione di nuove abilit\u00e0 e competenze da parte della persona all\u2019interno della propria casa, nonch\u00e9 alla generalizzazione di abilit\u00e0 acquisite in contesti diversi. E\u2019 rivolto a minori con disturbo dello spettro autistico. Il servizio \u00e8 effettuato dalla figura dello psicologo per le attivit\u00e0 di valutazione e stesura PEI e da educatori formati che svolgono il programma a casa in collaborazione con i genitori.<\/p><p>Accreditamento al Registro Distrettuale LT1 dei soggetti erogatori dei Servizi Sociali di Assistenza alla persona ai sensi della DGR Lazio N. 223\/2016 e SS.MM.II. della Societ\u00e0 Cooperativa Sociale \u00a8Le Girandole\u00a8.<span style=\"font-weight: 400; color: #ffffff;\"><br \/><\/span><\/p><\/div>\n\t\t\t\t<\/div>\n\t\t\t\t<\/div>\n\t\t\t\t<div class=\"elementor-element elementor-element-b5fad2d elementor-widget elementor-widget-text-editor\" data-id=\"b5fad2d\" data-element_type=\"widget\" data-widget_type=\"text-editor.default\">\n\t\t\t\t<div class=\"elementor-widget-container\">\n\t\t\t\t\t<div class=\"elementor-text-editor elementor-clearfix\"><\/div>\n\t\t\t\t<\/div>\n\t\t\t\t<\/div>\n\t\t\t\t\t\t<\/div>\n\t\t\t<\/div>\n\t\t<\/div>\n\t\t\t\t\t\t<\/div>\n\t\t\t<\/div>\n\t\t<\/section>\n\t\t\t\t<section class=\"elementor-element elementor-element-05d8921 elementor-section-boxed elementor-section-height-default elementor-section-height-default elementor-section elementor-top-section\" data-id=\"05d8921\" data-element_type=\"section\">\n\t\t\t\t\t\t<div class=\"elementor-container elementor-column-gap-thegem\">\n\t\t\t\t<div class=\"elementor-row\">\n\t\t\t\t<div class=\"elementor-element elementor-element-b5a770c elementor-column elementor-col-100 elementor-top-column\" data-id=\"b5a770c\" data-element_type=\"column\">\n\t\t\t<div class=\"elementor-column-wrap\">\n\t\t\t\t\t<div class=\"elementor-widget-wrap\">\n\t\t\t\t\t\t<\/div>\n\t\t\t<\/div>\n\t\t<\/div>\n\t\t\t\t\t\t<\/div>\n\t\t\t<\/div>\n\t\t<\/section>\n\t\t\t\t<section class=\"elementor-element elementor-element-b66cad2 elementor-section-boxed elementor-section-height-default elementor-section-height-default elementor-section elementor-top-section\" data-id=\"b66cad2\" data-element_type=\"section\">\n\t\t\t\t\t\t<div class=\"elementor-container elementor-column-gap-thegem\">\n\t\t\t\t<div class=\"elementor-row\">\n\t\t\t\t<div class=\"elementor-element elementor-element-a693ce3 elementor-column elementor-col-100 elementor-top-column\" data-id=\"a693ce3\" data-element_type=\"column\">\n\t\t\t<div class=\"elementor-column-wrap  elementor-element-populated\">\n\t\t\t\t\t<div class=\"elementor-widget-wrap\">\n\t\t\t\t<div class=\"elementor-element elementor-element-67fea31 elementor-widget elementor-widget-menu-anchor\" data-id=\"67fea31\" data-element_type=\"widget\" data-widget_type=\"menu-anchor.default\">\n\t\t\t\t<div class=\"elementor-widget-container\">\n\t\t\t\t\t<div id=\"certif\" class=\"elementor-menu-anchor\"><\/div>\n\t\t\t\t<\/div>\n\t\t\t\t<\/div>\n\t\t\t\t\t\t<\/div>\n\t\t\t<\/div>\n\t\t<\/div>\n\t\t\t\t\t\t<\/div>\n\t\t\t<\/div>\n\t\t<\/section>\n\t\t\t\t<section class=\"elementor-element elementor-element-19d0ab2 elementor-section-boxed elementor-section-height-default elementor-section-height-default elementor-section elementor-top-section\" data-id=\"19d0ab2\" data-element_type=\"section\">\n\t\t\t\t\t\t<div class=\"elementor-container elementor-column-gap-thegem\">\n\t\t\t\t<div class=\"elementor-row\">\n\t\t\t\t<div class=\"elementor-element elementor-element-3bae78d elementor-column elementor-col-33 elementor-top-column\" data-id=\"3bae78d\" data-element_type=\"column\">\n\t\t\t<div class=\"elementor-column-wrap  elementor-element-populated\">\n\t\t\t\t\t<div class=\"elementor-widget-wrap\">\n\t\t\t\t<div class=\"elementor-element elementor-element-fae6560 elementor-invisible elementor-widget elementor-widget-heading\" data-id=\"fae6560\" data-element_type=\"widget\" data-settings=\"{&quot;_animation&quot;:&quot;fadeIn&quot;}\" data-widget_type=\"heading.default\">\n\t\t\t\t<div class=\"elementor-widget-container\">\n\t\t\t<div class=\"title-h2 elementor-heading-title elementor-size-default\">Certificazione di qualit\u00e0<\/div>\t\t<\/div>\n\t\t\t\t<\/div>\n\t\t\t\t<div class=\"elementor-element elementor-element-eab26d7 elementor-widget elementor-widget-spacer\" data-id=\"eab26d7\" data-element_type=\"widget\" data-widget_type=\"spacer.default\">\n\t\t\t\t<div class=\"elementor-widget-container\">\n\t\t\t\t\t<div class=\"elementor-spacer\">\n\t\t\t<div class=\"elementor-spacer-inner\"><\/div>\n\t\t<\/div>\n\t\t\t\t<\/div>\n\t\t\t\t<\/div>\n\t\t\t\t<div class=\"elementor-element elementor-element-0dced6c elementor-widget elementor-widget-image\" data-id=\"0dced6c\" data-element_type=\"widget\" data-widget_type=\"image.default\">\n\t\t\t\t<div class=\"elementor-widget-container\">\n\t\t\t\t\t<div class=\"elementor-image\">\n\t\t\t\t\t\t\t\t\t\t<img width=\"150\" height=\"150\" src=\"https:\/\/legirandolecooperativasociale.it\/wp-content\/uploads\/2022\/02\/ISO-9001.2015-150x150.png\" class=\"attachment-thumbnail size-thumbnail\" alt=\"\" srcset=\"https:\/\/legirandolecooperativasociale.it\/wp-content\/uploads\/2022\/02\/ISO-9001.2015-150x150.png 150w, https:\/\/legirandolecooperativasociale.it\/wp-content\/uploads\/2022\/02\/ISO-9001.2015-300x300.png 300w, https:\/\/legirandolecooperativasociale.it\/wp-content\/uploads\/2022\/02\/ISO-9001.2015-256x256.png 256w, https:\/\/legirandolecooperativasociale.it\/wp-content\/uploads\/2022\/02\/ISO-9001.2015.png 476w\" sizes=\"(max-width: 150px) 100vw, 150px\" \/>\t\t\t\t\t\t\t\t\t\t\t<\/div>\n\t\t\t\t<\/div>\n\t\t\t\t<\/div>\n\t\t\t\t\t\t<\/div>\n\t\t\t<\/div>\n\t\t<\/div>\n\t\t\t\t<div class=\"elementor-element elementor-element-7a45855 elementor-column elementor-col-66 elementor-top-column\" data-id=\"7a45855\" data-element_type=\"column\">\n\t\t\t<div class=\"elementor-column-wrap  elementor-element-populated\">\n\t\t\t\t\t<div class=\"elementor-widget-wrap\">\n\t\t\t\t<div class=\"elementor-element elementor-element-727befd elementor-widget elementor-widget-text-editor\" data-id=\"727befd\" data-element_type=\"widget\" data-widget_type=\"text-editor.default\">\n\t\t\t\t<div class=\"elementor-widget-container\">\n\t\t\t\t\t<div class=\"elementor-text-editor elementor-clearfix\"><div dir=\"ltr\" role=\"presentation\"><strong>La Cooperativa e certificata alla Norma ISO 9001<\/strong><\/div><div dir=\"ltr\" role=\"presentation\"><strong>per i Servizi di riabilitazione dei disturbi dello<\/strong><\/div><div dir=\"ltr\" role=\"presentation\"><strong>spettro autistico, attraverso la costruzione di un<\/strong><\/div><div dir=\"ltr\" role=\"presentation\"><strong>modello di intervento rispondente alle linee guida regionali<\/strong><\/div><\/div>\n\t\t\t\t<\/div>\n\t\t\t\t<\/div>\n\t\t\t\t<div class=\"elementor-element elementor-element-22f7470 elementor-widget elementor-widget-image\" data-id=\"22f7470\" data-element_type=\"widget\" data-widget_type=\"image.default\">\n\t\t\t\t<div class=\"elementor-widget-container\">\n\t\t\t\t\t<div class=\"elementor-image\">\n\t\t\t\t\t\t\t\t\t\t<img width=\"300\" height=\"150\" src=\"https:\/\/legirandolecooperativasociale.it\/wp-content\/uploads\/2022\/02\/image001-300x150.jpg\" class=\"attachment-medium size-medium\" alt=\"\" srcset=\"https:\/\/legirandolecooperativasociale.it\/wp-content\/uploads\/2022\/02\/image001-300x150.jpg 300w, https:\/\/legirandolecooperativasociale.it\/wp-content\/uploads\/2022\/02\/image001.jpg 355w\" sizes=\"(max-width: 300px) 100vw, 300px\" \/>\t\t\t\t\t\t\t\t\t\t\t<\/div>\n\t\t\t\t<\/div>\n\t\t\t\t<\/div>\n\t\t\t\t\t\t<\/div>\n\t\t\t<\/div>\n\t\t<\/div>\n\t\t\t\t\t\t<\/div>\n\t\t\t<\/div>\n\t\t<\/section>\n\t\t\t\t<section class=\"elementor-element elementor-element-a93b6e6 elementor-section-boxed elementor-section-height-default elementor-section-height-default elementor-section elementor-top-section\" data-id=\"a93b6e6\" data-element_type=\"section\">\n\t\t\t\t\t\t<div class=\"elementor-container elementor-column-gap-thegem\">\n\t\t\t\t<div class=\"elementor-row\">\n\t\t\t\t<div class=\"elementor-element elementor-element-31225f5 elementor-column elementor-col-100 elementor-top-column\" data-id=\"31225f5\" data-element_type=\"column\">\n\t\t\t<div class=\"elementor-column-wrap  elementor-element-populated\">\n\t\t\t\t\t<div class=\"elementor-widget-wrap\">\n\t\t\t\t<div class=\"elementor-element elementor-element-7c1cc4a elementor-widget elementor-widget-menu-anchor\" data-id=\"7c1cc4a\" data-element_type=\"widget\" data-widget_type=\"menu-anchor.default\">\n\t\t\t\t<div class=\"elementor-widget-container\">\n\t\t\t\t\t<div id=\"team\" class=\"elementor-menu-anchor\"><\/div>\n\t\t\t\t<\/div>\n\t\t\t\t<\/div>\n\t\t\t\t\t\t<\/div>\n\t\t\t<\/div>\n\t\t<\/div>\n\t\t\t\t\t\t<\/div>\n\t\t\t<\/div>\n\t\t<\/section>\n\t\t\t\t<section class=\"elementor-element elementor-element-49ec55c elementor-section-full_width elementor-section-height-default elementor-section-height-default elementor-section elementor-top-section\" data-id=\"49ec55c\" data-element_type=\"section\" data-settings=\"{&quot;thegem_parallax_activate&quot;:&quot;yes&quot;}\">\n\t\t\t\t\t\t<div class=\"elementor-container elementor-column-gap-no\">\n\t\t\t\t<div class=\"elementor-row\">\n\t\t\t\t<div class=\"elementor-element elementor-element-64cb91e elementor-column elementor-col-100 elementor-top-column\" data-id=\"64cb91e\" data-element_type=\"column\">\n\t\t\t<div class=\"elementor-column-wrap  elementor-element-populated\">\n\t\t\t\t\t<div class=\"elementor-widget-wrap\">\n\t\t\t\t<div class=\"elementor-element elementor-element-6e4eeb4 elementor-widget elementor-widget-thegem-testimonials\" data-id=\"6e4eeb4\" data-element_type=\"widget\" data-settings=\"{&quot;content_testimonials_cat&quot;:[&quot;le-girandole&quot;],&quot;thegem_elementor_preset&quot;:&quot;style1&quot;,&quot;content_elems_name&quot;:&quot;yes&quot;,&quot;content_elems_position&quot;:&quot;yes&quot;,&quot;content_elems_company&quot;:&quot;yes&quot;,&quot;content_elems_quote&quot;:&quot;yes&quot;}\" data-widget_type=\"thegem-testimonials.default\">\n\t\t\t\t<div class=\"elementor-widget-container\">\n\t\t\t\n\t\t\t<div class=\"preloader\">\n\t\t\t\t<div class=\"preloader-spin\"><\/div>\n\t\t\t<\/div>\n\t\t\t\n\t\t\t<div class=\"style1 gem-testimonials\n\t\t\tfullwidth-block\"\n\t\t\t >\n\t\t\t\n\t\t\t\t\t\t\t<style>.gem-testimonials-navigation{display: block;}<\/style>\n\t\t\t \n\n\t\t\t\t\n<div id=\"post-4512\" class=\"gem-testimonial-item post-4512 thegem_testimonial type-thegem_testimonial status-publish\">\n\t\t\t<div class=\"gem-testimonial-wrapper  \">\n\n\t\t\t\n\t\t\t<div class=\"gem-testimonial-content\">\n\n\t\t\t\t\t\t\t<div class=\"gem-testimonial-name title-h6\">Laura<\/div>\t\t\t\n\t\t\t\n\t\t\t\t\t\t\t<div class=\"gem-testimonial-position\">Mamma delle Girandole<\/div>\t\t\t\n\t\t\t\t<div class=\"gem-testimonial-text\">\n\t\t\t\t\t<p>Buonasera! Scusate per l&#8217;ora, ma ci teniamo a dirvi che \u00e8 stato davvero un piacere essere seguiti da voi&#8230; un enorme grazie di cuore!!! Per tutto!<\/p>\n\t\t\t\t<\/div>\n\t\t\t<\/div>\n\t<\/div>\n\n\t<\/div>\n<div id=\"post-4513\" class=\"gem-testimonial-item post-4513 thegem_testimonial type-thegem_testimonial status-publish\">\n\t\t\t<div class=\"gem-testimonial-wrapper  \">\n\n\t\t\t\n\t\t\t<div class=\"gem-testimonial-content\">\n\n\t\t\t\t\t\t\t<div class=\"gem-testimonial-name title-h6\">Roberta<\/div>\t\t\t\n\t\t\t\n\t\t\t\t\t\t\t<div class=\"gem-testimonial-position\">Mamma delle Girandole<\/div>\t\t\t\n\t\t\t\t<div class=\"gem-testimonial-text\">\n\t\t\t\t\t<p>Buongiorno! Ringrazio a lei e a Le Girandole per i progressi non solo di Marco ma anche di noi genitori e vi auguriamo tante belle cose! Un abbraccio!<\/p>\n\t\t\t\t<\/div>\n\t\t\t<\/div>\n\t<\/div>\n\n\t<\/div>\n<div id=\"post-4514\" class=\"gem-testimonial-item post-4514 thegem_testimonial type-thegem_testimonial status-publish\">\n\t\t\t<div class=\"gem-testimonial-wrapper  \">\n\n\t\t\t\n\t\t\t<div class=\"gem-testimonial-content\">\n\n\t\t\t\t\t\t\t<div class=\"gem-testimonial-name title-h6\">Andrea e Francesca<\/div>\t\t\t\n\t\t\t\n\t\t\t\t\t\t\t<div class=\"gem-testimonial-position\">Genitori delle Girandole<\/div>\t\t\t\n\t\t\t\t<div class=\"gem-testimonial-text\">\n\t\t\t\t\t<p>Vi ringraziamo davvero e siamo contenti per tutti i progressi che ci sono stati e che ci saranno sicuramente!<\/p>\n\t\t\t\t<\/div>\n\t\t\t<\/div>\n\t<\/div>\n\n\t<\/div>\n\t\t\t\t<div class=\"testimonials_svg\"><svg width=\"100\" height=\"50\"><path d=\"M 0,-1 Q 45,5 50,50 Q 55,5 100,-1\" \/><\/svg><\/div>\n\t\t\t<\/div>\n\n\t\t\t \n\n\n\n\t\t\t\t<\/div>\n\t\t\t\t<\/div>\n\t\t\t\t\t\t<\/div>\n\t\t\t<\/div>\n\t\t<\/div>\n\t\t\t\t\t\t<\/div>\n\t\t\t<\/div>\n\t\t<\/section>\n\t\t\t\t<section class=\"elementor-element elementor-element-a1ce088 elementor-section-boxed elementor-section-height-default elementor-section-height-default elementor-section elementor-top-section\" data-id=\"a1ce088\" data-element_type=\"section\">\n\t\t\t\t\t\t<div class=\"elementor-container elementor-column-gap-thegem\">\n\t\t\t\t<div class=\"elementor-row\">\n\t\t\t\t<div class=\"elementor-element elementor-element-40b31e2 elementor-column elementor-col-100 elementor-top-column\" data-id=\"40b31e2\" data-element_type=\"column\">\n\t\t\t<div class=\"elementor-column-wrap  elementor-element-populated\">\n\t\t\t\t\t<div class=\"elementor-widget-wrap\">\n\t\t\t\t<div class=\"elementor-element elementor-element-df7b604 elementor-widget elementor-widget-menu-anchor\" data-id=\"df7b604\" data-element_type=\"widget\" data-widget_type=\"menu-anchor.default\">\n\t\t\t\t<div class=\"elementor-widget-container\">\n\t\t\t\t\t<div id=\"contatti\" class=\"elementor-menu-anchor\"><\/div>\n\t\t\t\t<\/div>\n\t\t\t\t<\/div>\n\t\t\t\t\t\t<\/div>\n\t\t\t<\/div>\n\t\t<\/div>\n\t\t\t\t\t\t<\/div>\n\t\t\t<\/div>\n\t\t<\/section>\n\t\t\t\t<section class=\"elementor-element elementor-element-9589f12 elementor-section-full_width elementor-section-height-default elementor-section-height-default elementor-section elementor-top-section\" data-id=\"9589f12\" data-element_type=\"section\" data-settings=\"{&quot;background_background&quot;:&quot;classic&quot;}\">\n\t\t\t\t\t\t<div class=\"elementor-container elementor-column-gap-no\">\n\t\t\t\t<div class=\"elementor-row\">\n\t\t\t\t<div class=\"elementor-element elementor-element-a55b762 elementor-column elementor-col-33 elementor-top-column\" data-id=\"a55b762\" data-element_type=\"column\" data-settings=\"{&quot;background_background&quot;:&quot;classic&quot;}\">\n\t\t\t<div class=\"elementor-column-wrap  elementor-element-populated\">\n\t\t\t\t\t<div class=\"elementor-widget-wrap\">\n\t\t\t\t<div class=\"elementor-element elementor-element-b804ac8 elementor-widget elementor-widget-thegem-styled-textbox\" data-id=\"b804ac8\" data-element_type=\"widget\" data-settings=\"{&quot;thegem_elementor_preset&quot;:&quot;basic-left-aligned&quot;}\" data-widget_type=\"thegem-styled-textbox.default\">\n\t\t\t\t<div class=\"elementor-widget-container\">\n\t\t\t\n<div class=\"gem-textbox styled-textbox-basic-left-aligned\">\n\n\t\n\t\t<div class=\"gem-textbox-top gem-textbox-top-none default-fill\">\n\t\t\t\t\t<\/div>\n\t\n\t<div class=\"gem-textbox-inner\">\n\n\t\t<div class=\"gem-textbox-content default-background icon-top gem-textbox-icon-horizontal-right gem-textbox-icon-image-wrapping-none\">\n\n\t\t\t\t\t\t\t<div class=\"gem-texbox-icon-image-wrapper\">\n\n\t\t\t\t\t\t\t\t\t\t\t<div class=\"icon-top right\">\n\t\t\t\t\t\t\t<div class=\"gem-textbox-icon\">\n\t\t\t\t\t\t\t\t<div class=\"elementor-icon\">\n\t\t\t\t\t\t\t\t\t<i aria-hidden=\"true\" class=\"far fa-flag\"><\/i>\t\t\t\t\t\t\t\t<\/div>\n\t\t\t\t\t\t\t<\/div>\n\t\t\t\t\t\t<\/div>\n\t\t\t\t\t\n\t\t\t\t\t\n\t\t\t\t<\/div>\n\t\t\t\n\t\t\t<div class=\"gem-texbox-text-wrapper\">\n\n\t\t\t\t\t\t\t\t\t\n\t\t\t\t\t\t<h3 class=\"gem-textbox-title title-h3 bold\">\n\t\t\t\t\t\t\tIndirizzo\t\t\t\t\t\t<\/h3>\n\n\t\t\t\t\t\n\t\t\t\t\t\n\t\t\t\t\t\t<div class=\"gem-textbox-description gem-text-output\">\n\t\t\t\t\t\t\t<div class=\"styled-subtitle\"><span style=\"color: #ffffff;max-width: 342px\">Via Ugo Foscolo 6, Aprilia       <\/span><\/div>\t\t\t\t\t\t<\/div>\n\n\t\t\t\t\t\n\t\t\t\t\n\t\t\t\t\n\t\t\t<\/div>\n\n\t\t<\/div>\n\n\t<\/div>\n\n\t\n\t\t<div class=\"gem-textbox-bottom gem-textbox-bottom-none default-fill\">\n\t\t\t\t<\/div>\n\t\n\t\n<\/div>\n\t\t<\/div>\n\t\t\t\t<\/div>\n\t\t\t\t\t\t<\/div>\n\t\t\t<\/div>\n\t\t<\/div>\n\t\t\t\t<div class=\"elementor-element elementor-element-4ab4c7e elementor-column elementor-col-33 elementor-top-column\" data-id=\"4ab4c7e\" data-element_type=\"column\" data-settings=\"{&quot;background_background&quot;:&quot;classic&quot;}\">\n\t\t\t<div class=\"elementor-column-wrap  elementor-element-populated\">\n\t\t\t\t\t<div class=\"elementor-widget-wrap\">\n\t\t\t\t<div class=\"elementor-element elementor-element-3928331 elementor-widget elementor-widget-thegem-styled-textbox\" data-id=\"3928331\" data-element_type=\"widget\" data-settings=\"{&quot;thegem_elementor_preset&quot;:&quot;basic-left-aligned&quot;}\" data-widget_type=\"thegem-styled-textbox.default\">\n\t\t\t\t<div class=\"elementor-widget-container\">\n\t\t\t\n<div class=\"gem-textbox styled-textbox-basic-left-aligned\">\n\n\t\n\t\t<div class=\"gem-textbox-top gem-textbox-top-none default-fill\">\n\t\t\t\t\t<\/div>\n\t\n\t<div class=\"gem-textbox-inner\">\n\n\t\t<div class=\"gem-textbox-content default-background icon-top gem-textbox-icon-horizontal-right gem-textbox-icon-image-wrapping-none\">\n\n\t\t\t\t\t\t\t<div class=\"gem-texbox-icon-image-wrapper\">\n\n\t\t\t\t\t\t\t\t\t\t\t<div class=\"icon-top right\">\n\t\t\t\t\t\t\t<div class=\"gem-textbox-icon\">\n\t\t\t\t\t\t\t\t<div class=\"elementor-icon\">\n\t\t\t\t\t\t\t\t\t<i aria-hidden=\"true\" class=\"fas fa-phone\"><\/i>\t\t\t\t\t\t\t\t<\/div>\n\t\t\t\t\t\t\t<\/div>\n\t\t\t\t\t\t<\/div>\n\t\t\t\t\t\n\t\t\t\t\t\n\t\t\t\t<\/div>\n\t\t\t\n\t\t\t<div class=\"gem-texbox-text-wrapper\">\n\n\t\t\t\t\t\t\t\t\t\n\t\t\t\t\t\t<h3 class=\"gem-textbox-title title-h3 bold\">\n\t\t\t\t\t\t\tTelefono\t\t\t\t\t\t<\/h3>\n\n\t\t\t\t\t\n\t\t\t\t\t\n\t\t\t\t\t\t<div class=\"gem-textbox-description gem-text-output\">\n\t\t\t\t\t\t\t<div class=\"styled-subtitle\"><span style=\"color: #ffffff;max-width: 342px\">+39 366 403 7428<\/span><\/div>\t\t\t\t\t\t<\/div>\n\n\t\t\t\t\t\n\t\t\t\t\n\t\t\t\t\n\t\t\t<\/div>\n\n\t\t<\/div>\n\n\t<\/div>\n\n\t\n\t\t<div class=\"gem-textbox-bottom gem-textbox-bottom-none default-fill\">\n\t\t\t\t<\/div>\n\t\n\t\n<\/div>\n\t\t<\/div>\n\t\t\t\t<\/div>\n\t\t\t\t\t\t<\/div>\n\t\t\t<\/div>\n\t\t<\/div>\n\t\t\t\t<div class=\"elementor-element elementor-element-14af39e elementor-column elementor-col-33 elementor-top-column\" data-id=\"14af39e\" data-element_type=\"column\" data-settings=\"{&quot;background_background&quot;:&quot;classic&quot;}\">\n\t\t\t<div class=\"elementor-column-wrap  elementor-element-populated\">\n\t\t\t\t\t<div class=\"elementor-widget-wrap\">\n\t\t\t\t<div class=\"elementor-element elementor-element-e40a8bc elementor-widget elementor-widget-thegem-styled-textbox\" data-id=\"e40a8bc\" data-element_type=\"widget\" data-settings=\"{&quot;thegem_elementor_preset&quot;:&quot;basic-left-aligned&quot;}\" data-widget_type=\"thegem-styled-textbox.default\">\n\t\t\t\t<div class=\"elementor-widget-container\">\n\t\t\t\n<div class=\"gem-textbox styled-textbox-basic-left-aligned\">\n\n\t\n\t\t<div class=\"gem-textbox-top gem-textbox-top-none default-fill\">\n\t\t\t\t\t<\/div>\n\t\n\t<div class=\"gem-textbox-inner\">\n\n\t\t<div class=\"gem-textbox-content default-background icon-top gem-textbox-icon-horizontal-right gem-textbox-icon-image-wrapping-none\">\n\n\t\t\t\t\t\t\t<div class=\"gem-texbox-icon-image-wrapper\">\n\n\t\t\t\t\t\t\t\t\t\t\t<div class=\"icon-top right\">\n\t\t\t\t\t\t\t<div class=\"gem-textbox-icon\">\n\t\t\t\t\t\t\t\t<div class=\"elementor-icon\">\n\t\t\t\t\t\t\t\t\t<i aria-hidden=\"true\" class=\"gem-mdi mdi-email-outline\"><\/i>\t\t\t\t\t\t\t\t<\/div>\n\t\t\t\t\t\t\t<\/div>\n\t\t\t\t\t\t<\/div>\n\t\t\t\t\t\n\t\t\t\t\t\n\t\t\t\t<\/div>\n\t\t\t\n\t\t\t<div class=\"gem-texbox-text-wrapper\">\n\n\t\t\t\t\t\t\t\t\t\n\t\t\t\t\t\t<h3 class=\"gem-textbox-title title-h3 bold\">\n\t\t\t\t\t\t\tEmail\t\t\t\t\t\t<\/h3>\n\n\t\t\t\t\t\n\t\t\t\t\t\n\t\t\t\t\t\t<div class=\"gem-textbox-description gem-text-output\">\n\t\t\t\t\t\t\tcontatti@legirandolecooperativasociale.it\t\t\t\t\t\t<\/div>\n\n\t\t\t\t\t\n\t\t\t\t\n\t\t\t\t\n\t\t\t<\/div>\n\n\t\t<\/div>\n\n\t<\/div>\n\n\t\n\t\t<div class=\"gem-textbox-bottom gem-textbox-bottom-none default-fill\">\n\t\t\t\t<\/div>\n\t\n\t\n<\/div>\n\t\t<\/div>\n\t\t\t\t<\/div>\n\t\t\t\t\t\t<\/div>\n\t\t\t<\/div>\n\t\t<\/div>\n\t\t\t\t\t\t<\/div>\n\t\t\t<\/div>\n\t\t<\/section>\n\t\t\t\t<section class=\"elementor-element elementor-element-d1d325f elementor-section-height-min-height elementor-section-boxed elementor-section-height-default elementor-section-items-middle elementor-section elementor-top-section\" data-id=\"d1d325f\" data-element_type=\"section\" data-settings=\"{&quot;background_background&quot;:&quot;classic&quot;}\">\n\t\t\t\t\t\t<div class=\"elementor-container elementor-column-gap-thegem\">\n\t\t\t\t<div class=\"elementor-row\">\n\t\t\t\t<div class=\"elementor-element elementor-element-d64ff9a elementor-column elementor-col-33 elementor-top-column\" data-id=\"d64ff9a\" data-element_type=\"column\">\n\t\t\t<div class=\"elementor-column-wrap  elementor-element-populated\">\n\t\t\t\t\t<div class=\"elementor-widget-wrap\">\n\t\t\t\t<div class=\"elementor-element elementor-element-84893b1 elementor-widget elementor-widget-thegem-icon\" data-id=\"84893b1\" data-element_type=\"widget\" data-settings=\"{&quot;thegem_elementor_preset&quot;:&quot;square&quot;}\" data-widget_type=\"thegem-icon.default\">\n\t\t\t\t<div class=\"elementor-widget-container\">\n\t\t\t\t\t\t\t<div class=\"centered-box icon-inline-position\">\n\n\t\t\t\t<a >\n\n\t\t\t\t<div class=\"gem-icon gem-icon-pack-fontawesome gem-icon-size-medium  gem-icon-shape-square \">\n\n\t\t\t\t\t\n\t\t\t\t\n\t\t\t\t<div class=\"gem-icon-inner\">\t\t\t\t\n\n\t\t\t\t\n\t\t\t\t\t\t\t\t\t\t\n\t\t\t\t\t<div class=\"padding-box-inner\">\t\n\t\t\t\t\t\t\t\t\t\t\t\n\n\n\t\t\t\t\t\n\t\t\t\t\t<span class=\"gem-icon-half-1\"><span class=\"back-angle\">\n\t\t\t\t\t<i aria-hidden=\"true\" class=\"gem-mdi mdi-account-star\"><\/i>\t\t\t\t\t<\/span><\/span>\n\t\t\t\t\t<span class=\"gem-icon-half-2\"><span class=\"back-angle\">\n\t\t\t\t\t<i aria-hidden=\"true\" class=\"gem-mdi mdi-account-star\"><\/i>\t\t\t\t\t<\/span><\/span>\t\n\t\t\t\t\n\t\t\t\t<\/div>\t\t\t\t\n\n\t\t\t\t\t\t\t\t\t\n\n\t\t\t\t\t\t\t\t\t\t\n\t\t\t\t\t<\/div>\n\t\t\t\t\t\t\t\t\t\n\n\t\t\t\t<\/div>\n\n\t\t\t\t<\/a>\n\n\t\t\t\t<\/div>\n\t\t\t\t\t<\/div>\n\t\t\t\t<\/div>\n\t\t\t\t\t\t<\/div>\n\t\t\t<\/div>\n\t\t<\/div>\n\t\t\t\t<div class=\"elementor-element elementor-element-4b292c9 elementor-column elementor-col-33 elementor-top-column\" data-id=\"4b292c9\" data-element_type=\"column\">\n\t\t\t<div class=\"elementor-column-wrap  elementor-element-populated\">\n\t\t\t\t\t<div class=\"elementor-widget-wrap\">\n\t\t\t\t<div class=\"elementor-element elementor-element-a0253ac elementor-widget elementor-widget-heading\" data-id=\"a0253ac\" data-element_type=\"widget\" data-widget_type=\"heading.default\">\n\t\t\t\t<div class=\"elementor-widget-container\">\n\t\t\t<div class=\"title-h4 elementor-heading-title elementor-size-default\">contattaci per maggiori informazioni<\/div>\t\t<\/div>\n\t\t\t\t<\/div>\n\t\t\t\t\t\t<\/div>\n\t\t\t<\/div>\n\t\t<\/div>\n\t\t\t\t<div class=\"elementor-element elementor-element-b79a2a5 elementor-column elementor-col-33 elementor-top-column\" data-id=\"b79a2a5\" data-element_type=\"column\">\n\t\t\t<div class=\"elementor-column-wrap  elementor-element-populated\">\n\t\t\t\t\t<div class=\"elementor-widget-wrap\">\n\t\t\t\t<div class=\"elementor-element elementor-element-5008d4b elementor-widget elementor-widget-thegem-styledbutton\" data-id=\"5008d4b\" data-element_type=\"widget\" data-settings=\"{&quot;thegem_button_skin&quot;:&quot;flat&quot;,&quot;add_icon&quot;:&quot;yes&quot;}\" data-widget_type=\"thegem-styledbutton.default\">\n\t\t\t\t<div class=\"elementor-widget-container\">\n\t\t\t\n<div class=\"gem-button-container gem-widget-button\">\n\n\t\t<a class=\"gem-button gem-button-size-large gem-button-text-weight-bold gem-button-style-flat\" href=\"http:\/\/legirandolecooperativasociale.it\/?page_id=4525\">\n\t\t<span class=\"gem-inner-wrapper-btn\">\n\t\t\t\t\t\t\t<span class=\"gem-button-icon\">\n\t\t\t\t\t<i aria-hidden=\"true\" class=\"gem-mdi mdi-email-outline\"><\/i>\t\t\t\t<\/span>\n\t\t\t\t\t\t<span class=\"gem-text-button\">\n\t\t\t\tContattaci\t\t\t<\/span>\n\t\t<\/span>\n\t<\/a>\n\n\t\n<\/div>\t\t<\/div>\n\t\t\t\t<\/div>\n\t\t\t\t\t\t<\/div>\n\t\t\t<\/div>\n\t\t<\/div>\n\t\t\t\t\t\t<\/div>\n\t\t\t<\/div>\n\t\t<\/section>\n\t\t\t\t<section class=\"elementor-element elementor-element-2706563 elementor-section-boxed elementor-section-height-default elementor-section-height-default elementor-section elementor-top-section\" data-id=\"2706563\" data-element_type=\"section\">\n\t\t\t\t\t\t<div class=\"elementor-container elementor-column-gap-thegem\">\n\t\t\t\t<div class=\"elementor-row\">\n\t\t\t\t<div class=\"elementor-element elementor-element-f502340 elementor-column elementor-col-100 elementor-top-column\" data-id=\"f502340\" data-element_type=\"column\">\n\t\t\t<div class=\"elementor-column-wrap  elementor-element-populated\">\n\t\t\t\t\t<div class=\"elementor-widget-wrap\">\n\t\t\t\t<div class=\"elementor-element elementor-element-adcac7c elementor-widget elementor-widget-menu-anchor\" data-id=\"adcac7c\" data-element_type=\"widget\" data-widget_type=\"menu-anchor.default\">\n\t\t\t\t<div class=\"elementor-widget-container\">\n\t\t\t\t\t<div id=\"blog\" class=\"elementor-menu-anchor\"><\/div>\n\t\t\t\t<\/div>\n\t\t\t\t<\/div>\n\t\t\t\t\t\t<\/div>\n\t\t\t<\/div>\n\t\t<\/div>\n\t\t\t\t\t\t<\/div>\n\t\t\t<\/div>\n\t\t<\/section>\n\t\t\t\t<section class=\"elementor-element elementor-element-da25659 elementor-section-boxed elementor-section-height-default elementor-section-height-default elementor-section elementor-top-section\" data-id=\"da25659\" data-element_type=\"section\" data-settings=\"{&quot;background_background&quot;:&quot;classic&quot;}\">\n\t\t\t\t\t\t<div class=\"elementor-container elementor-column-gap-thegem\">\n\t\t\t\t<div class=\"elementor-row\">\n\t\t\t\t<div class=\"elementor-element elementor-element-b54ad87 elementor-column elementor-col-100 elementor-top-column\" data-id=\"b54ad87\" data-element_type=\"column\">\n\t\t\t<div class=\"elementor-column-wrap  elementor-element-populated\">\n\t\t\t\t\t<div class=\"elementor-widget-wrap\">\n\t\t\t\t<div class=\"elementor-element elementor-element-2cb2314 elementor-widget elementor-widget-heading\" data-id=\"2cb2314\" data-element_type=\"widget\" data-widget_type=\"heading.default\">\n\t\t\t\t<div class=\"elementor-widget-container\">\n\t\t\t<div class=\"title-h1 elementor-heading-title elementor-size-default\">Novit\u00e0 dal nostro blog<\/div>\t\t<\/div>\n\t\t\t\t<\/div>\n\t\t\t\t\t\t<\/div>\n\t\t\t<\/div>\n\t\t<\/div>\n\t\t\t\t\t\t<\/div>\n\t\t\t<\/div>\n\t\t<\/section>\n\t\t\t\t<section class=\"elementor-element elementor-element-ed907ba elementor-section-boxed elementor-section-height-default elementor-section-height-default elementor-section elementor-top-section\" data-id=\"ed907ba\" data-element_type=\"section\" data-settings=\"{&quot;background_background&quot;:&quot;classic&quot;}\">\n\t\t\t\t\t\t<div class=\"elementor-container elementor-column-gap-thegem\">\n\t\t\t\t<div class=\"elementor-row\">\n\t\t\t\t<div class=\"elementor-element elementor-element-292a75a elementor-column elementor-col-50 elementor-top-column\" data-id=\"292a75a\" data-element_type=\"column\">\n\t\t\t<div class=\"elementor-column-wrap  elementor-element-populated\">\n\t\t\t\t\t<div class=\"elementor-widget-wrap\">\n\t\t\t\t<div class=\"elementor-element elementor-element-4d8ef04 elementor-widget elementor-widget-thegem-bloglist\" data-id=\"4d8ef04\" data-element_type=\"widget\" data-settings=\"{&quot;select_blog_cat&quot;:[&quot;0&quot;,&quot;blog&quot;],&quot;items_per_page&quot;:1,&quot;thegem_elementor_preset&quot;:&quot;default&quot;,&quot;image_icon_show&quot;:&quot;yes&quot;}\" data-widget_type=\"thegem-bloglist.default\">\n\t\t\t\t<div class=\"elementor-widget-container\">\n\t\t\t\t\t\t<style>.bloglist .post-img a:hover:after{opacity: 1 !important;}<\/style>\n\t\t\t\t\t<div class=\"preloader\"><div class=\"preloader-spin\"><\/div><\/div>\n\t\t\t<div class=\"bloglist blog clearfix  blog-style-default  \" data-page=\"1\" data-paged=\"1\" data-next-page=\"0\" data-load-more-action=\"thegem_bloglist_load_more\">\n\t\t\t\n<article id=\"post-3962\" class=\"item-animations-not-inited post-3962 post type-post status-publish format-standard has-post-thumbnail category-feste category-genitori tag-iorestoacasa tag-bambini tag-casa tag-famiglia tag-genitori-e-figli tag-lavoretto\" >\n\t\n\t\t\n\t\t<div class=\"item-post-container\">\n\t\t\t<div class=\"item-post clearfix\">\n\n\t\t\t\t\t\t\t\t\t<div class=\"post-image post-img\"><div class=\"post-featured-content\"><a href=\"https:\/\/legirandolecooperativasociale.it\/?p=3962\">\t\t<picture>\n\t\t\t\t\t\t<img src=\"http:\/\/legirandolecooperativasociale.it\/wp-content\/uploads\/2020\/03\/631745-PO9AM8-78-thegem-blog-default-large.jpg\" width=\"1170\" height=\"540\"  class=\"img-responsive\" alt=\"631745-PO9AM8-78\" \/>\n\t\t<\/picture>\n\t\t<\/a><\/div><\/div>\n\t\t\t\t\n\t\t\t\t<div class=\"caption-container\">\n\n\t\t\t\t\t<div class=\"post-meta\">\n\t\t\t\t\t\t<div class=\"entry-meta clearfix gem-post-date\">\n\t\t\t\t\t\t\t<div class=\"post-meta-right\">\n\t\t\t\t\t\t\t\t\t\t\t\t\t\t\t\t\t<span class=\"comments-link\"><div class=\"elementor-icon\"><i class=\"default\"><\/i><\/div><a href=\"https:\/\/legirandolecooperativasociale.it\/?p=3962#respond\">0<\/a><\/span>\n\t\t\t\t\t\t\t\t\t\t\t\t\t\t\t\t\t\t\t\t\t\t\t\t\t<span class=\"sep\"><\/span>\n\t\t\t\t\t\t\t\t\t\t\t\t\t\t\t\t<span class=\"post-meta-likes\"><i class=\"default\"><\/i><a href=\"#\" class=\"zilla-likes\" id=\"zilla-likes-3962\" title=\"Like this\"><span class=\"zilla-likes-count\">0<\/span> <span class=\"zilla-likes-postfix\"><\/span><\/a><\/span>\t\t\t\t\t\t\t<\/div>\n\t\t\t\t\t\t\t<div class=\"post-meta-left\">\n\t\t\t\t\t\t\t\t\t\t\t\t\t\t\t\t\t<span class=\"post-meta-author\">\n\t\t\t\t\t\t\t\t\t\tBy GentleGust\t\t\t\t\t\t\t\t\t<\/span>\n\t\t\t\t\t\t\t\t\t\t\t\t\t\t\t\t\t\t\t\t\t\t\t<\/div>\n\t\t\t\t\t\t<\/div><!-- .entry-meta -->\n\t\t\t\t\t<\/div>\n\n\t\t\t\t\t\t\t\t\t\t\t<div class=\"post-title\">\n\t\t\t\t\t\t\t<h3 class=\"entry-title\"><a href=\"https:\/\/legirandolecooperativasociale.it\/?p=3962\" rel=\"bookmark\"><span class=\"entry-title-date\">17 Mar: <\/span><span class=\"light\">La festa del pap\u00e0!<\/span><\/a><\/h3>\t\t\t\t\t\t<\/div>\n\t\t\t\t\t\n\t\t\t\t\t\t\t\t\t\t\t<div class=\"post-text\">\n\t\t\t\t\t\t\t<div class=\"summary\">\n\t\t\t\t\t\t\t\t\t\t\t\t\t\t\t\t\t<p>Care mamme, cari pap\u00e0, tra qualche giorno festeggeremo una giornata molto importante per l\u2019Italia: la festa del pap\u00e0. Il 19&#8230;<\/p>\n\t\t\t\t\t\t\t\t\t\t\t\t\t\t\t<\/div>\n\t\t\t\t\t\t<\/div>\n\t\t\t\t\t\n\t\t\t\t\t<div class=\"post-footer\">\n\t\t\t\t\t\t<div class=\"post-footer-sharing\">\n\t\t\t\t\t\t\t\n<div class=\"gem-button-container gem-widget-button gem-button-position-inline\">\n\t<a class=\"gem-button gem-button-size-tiny gem-button-style-flat gem-button-text-weight-normal gem-button-empty\" href=\"#\" target=\"_self\">\n\t\t<div class=\"elementor-icon\">\n\t\t\t\t\t\t\t<i class=\"default\"><\/i>\n\t\t\t\t\t<\/div>\n\t<\/a>\n<\/div>\n\n<div class=\"sharing-popup\">\n\t<div class=\"socials-sharing socials socials-colored-hover\">\n\n\t\t\t\t\t<a class=\"socials-item\" target=\"_blank\" href=\"https:\/\/www.facebook.com\/sharer\/sharer.php?u=https%3A%2F%2Flegirandolecooperativasociale.it%2F%3Fp%3D3962\" title=\"Facebook\"><i class=\"socials-item-icon facebook\"><\/i><\/a>\n\t\t\n\t\t\t\t\t<a class=\"socials-item\" target=\"_blank\" href=\"https:\/\/twitter.com\/intent\/tweet?text=La+festa+del+pap%C3%A0%21&#038;url=https%3A%2F%2Flegirandolecooperativasociale.it%2F%3Fp%3D3962\" title=\"Twitter\"><i class=\"socials-item-icon twitter\"><\/i><\/a>\n\t\t\n\t\t\n\t\t\n\t\t\t\t\t<a class=\"socials-item\" target=\"_blank\" href=\"https:\/\/www.linkedin.com\/shareArticle?mini=true&#038;url=https%3A%2F%2Flegirandolecooperativasociale.it%2F%3Fp%3D3962&#038;title=La+festa+del+pap%C3%A0%21&amp;summary=Care+mamme%2C+cari+pap%C3%A0%2C+tra+qualche+giorno+festeggeremo+una+giornata+molto+importante+per+l%E2%80%99Italia%3A+la+festa+del+pap%C3%A0.+Il+19...\" title=\"LinkedIn\"><i class=\"socials-item-icon linkedin\"><\/i><\/a>\n\t\t\n\t\t\n\t<\/div>\n<svg class=\"sharing-styled-arrow\"><use xlink:href=\"https:\/\/legirandolecooperativasociale.it\/wp-content\/themes\/thegem-elementor\/css\/post-arrow.svg#dec-post-arrow\"><\/use><\/svg>\n<\/div>\n\t\t\t\t\t\t<\/div>\n\t\t\t\t\t\t<div class=\"post-read-more\">\n\t\t\t\t\t\t\t\t<div class=\"gem-button-container gem-widget-button gem-button-position-inline\">\n\t\t<a class=\"gem-button gem-button-size-tiny gem-button-style-outline\" href=\"https:\/\/legirandolecooperativasociale.it\/?p=3962\">\n\t\t\t<span class=\"gem-inner-wrapper-btn\">\n\t\t\t\t\t\t\t\t<span class=\"gem-text-button\">\n\t\t\t\t\tRead More\t\t\t\t<\/span>\n\t\t\t<\/span>\n\t\t<\/a>\n\t<\/div>\n\t\t\t\t\t\t<\/div>\n\t\t\t\t\t<\/div>\n\n\t\t\t\t<\/div>\n\t\t\t<\/div>\n\t\t<\/div>\n\t<\/article><!-- #post-3962 -->\n\t\t\t<\/div>\n\t\t\t\t<\/div>\n\t\t\t\t<\/div>\n\t\t\t\t\t\t<\/div>\n\t\t\t<\/div>\n\t\t<\/div>\n\t\t\t\t<div class=\"elementor-element elementor-element-d70edef elementor-column elementor-col-25 elementor-top-column\" data-id=\"d70edef\" data-element_type=\"column\">\n\t\t\t<div class=\"elementor-column-wrap  elementor-element-populated\">\n\t\t\t\t\t<div class=\"elementor-widget-wrap\">\n\t\t\t\t<div class=\"elementor-element elementor-element-6c22397 elementor-widget elementor-widget-thegem-bloglist\" data-id=\"6c22397\" data-element_type=\"widget\" data-settings=\"{&quot;select_blog_cat&quot;:[&quot;bambini&quot;],&quot;items_per_page&quot;:2,&quot;thegem_elementor_preset&quot;:&quot;default&quot;,&quot;image_icon_show&quot;:&quot;yes&quot;}\" data-widget_type=\"thegem-bloglist.default\">\n\t\t\t\t<div class=\"elementor-widget-container\">\n\t\t\t\t\t\t<style>.bloglist .post-img a:hover:after{opacity: 1 !important;}<\/style>\n\t\t\t\t\t<div class=\"preloader\"><div class=\"preloader-spin\"><\/div><\/div>\n\t\t\t<div class=\"bloglist blog clearfix  blog-style-default  \" data-page=\"1\" data-paged=\"1\" data-next-page=\"0\" data-load-more-action=\"thegem_bloglist_load_more\">\n\t\t\t\n<article id=\"post-3810\" class=\"item-animations-not-inited post-3810 post type-post status-publish format-standard has-post-thumbnail category-asilo category-bambini tag-asilo tag-asilo-nido tag-bambini tag-crescere tag-sviluppo\" >\n\t\n\t\t\n\t\t<div class=\"item-post-container\">\n\t\t\t<div class=\"item-post clearfix\">\n\n\t\t\t\t\t\t\t\t\t<div class=\"post-image post-img\"><div class=\"post-featured-content\"><a href=\"https:\/\/legirandolecooperativasociale.it\/?p=3810\">\t\t<picture>\n\t\t\t\t\t\t<img src=\"http:\/\/legirandolecooperativasociale.it\/wp-content\/uploads\/2019\/01\/orto-terapia-bambini.jpg\" width=\"600\" height=\"342\"  class=\"img-responsive\" alt=\"orto-terapia-bambini\" \/>\n\t\t<\/picture>\n\t\t<\/a><\/div><\/div>\n\t\t\t\t\n\t\t\t\t<div class=\"caption-container\">\n\n\t\t\t\t\t<div class=\"post-meta\">\n\t\t\t\t\t\t<div class=\"entry-meta clearfix gem-post-date\">\n\t\t\t\t\t\t\t<div class=\"post-meta-right\">\n\t\t\t\t\t\t\t\t\t\t\t\t\t\t\t\t\t\t\t\t\t\t\t\t\t\t\t\t\t\t\t<\/div>\n\t\t\t\t\t\t\t<div class=\"post-meta-left\">\n\t\t\t\t\t\t\t\t\t\t\t\t\t\t\t\t\t\t\t\t\t\t\t<\/div>\n\t\t\t\t\t\t<\/div><!-- .entry-meta -->\n\t\t\t\t\t<\/div>\n\n\t\t\t\t\t\t\t\t\t\t\t<div class=\"post-title\">\n\t\t\t\t\t\t\t<h3 class=\"entry-title\"><a href=\"https:\/\/legirandolecooperativasociale.it\/?p=3810\" rel=\"bookmark\"><span class=\"entry-title-date\">23 Gen: <\/span><span class=\"light\">Asilo nido: opportunit\u00e0 di crescita<\/span><\/a><\/h3>\t\t\t\t\t\t<\/div>\n\t\t\t\t\t\n\t\t\t\t\t\t\t\t\t\t\t<div class=\"post-text\">\n\t\t\t\t\t\t\t<div class=\"summary\">\n\t\t\t\t\t\t\t\t\t\t\t\t\t\t\t\t\t<p>L&#8217;asilo nido \u00e8 una tappa fondamentale nello sviluppo del bambino, fino a pochi anni fa gli asili nido italiani erano&#8230;<\/p>\n\t\t\t\t\t\t\t\t\t\t\t\t\t\t\t<\/div>\n\t\t\t\t\t\t<\/div>\n\t\t\t\t\t\n\t\t\t\t\t<div class=\"post-footer\">\n\t\t\t\t\t\t<div class=\"post-footer-sharing\">\n\t\t\t\t\t\t\t\n<div class=\"gem-button-container gem-widget-button gem-button-position-inline\">\n\t<a class=\"gem-button gem-button-size-tiny gem-button-style-flat gem-button-text-weight-normal gem-button-empty\" href=\"#\" target=\"_self\">\n\t\t<div class=\"elementor-icon\">\n\t\t\t\t\t\t\t<i class=\"default\"><\/i>\n\t\t\t\t\t<\/div>\n\t<\/a>\n<\/div>\n\n<div class=\"sharing-popup\">\n\t<div class=\"socials-sharing socials socials-colored-hover\">\n\n\t\t\t\t\t<a class=\"socials-item\" target=\"_blank\" href=\"https:\/\/www.facebook.com\/sharer\/sharer.php?u=https%3A%2F%2Flegirandolecooperativasociale.it%2F%3Fp%3D3810\" title=\"Facebook\"><i class=\"socials-item-icon facebook\"><\/i><\/a>\n\t\t\n\t\t\t\t\t<a class=\"socials-item\" target=\"_blank\" href=\"https:\/\/twitter.com\/intent\/tweet?text=Asilo+nido%3A+opportunit%C3%A0+di+crescita&#038;url=https%3A%2F%2Flegirandolecooperativasociale.it%2F%3Fp%3D3810\" title=\"Twitter\"><i class=\"socials-item-icon twitter\"><\/i><\/a>\n\t\t\n\t\t\n\t\t\n\t\t\t\t\t<a class=\"socials-item\" target=\"_blank\" href=\"https:\/\/www.linkedin.com\/shareArticle?mini=true&#038;url=https%3A%2F%2Flegirandolecooperativasociale.it%2F%3Fp%3D3810&#038;title=Asilo+nido%3A+opportunit%C3%A0+di+crescita&amp;summary=L%26%238217%3Basilo+nido+%C3%A8+una+tappa+fondamentale+nello+sviluppo+del+bambino%2C+fino+a+pochi+anni+fa+gli+asili+nido+italiani+erano...\" title=\"LinkedIn\"><i class=\"socials-item-icon linkedin\"><\/i><\/a>\n\t\t\n\t\t\n\t<\/div>\n<svg class=\"sharing-styled-arrow\"><use xlink:href=\"https:\/\/legirandolecooperativasociale.it\/wp-content\/themes\/thegem-elementor\/css\/post-arrow.svg#dec-post-arrow\"><\/use><\/svg>\n<\/div>\n\t\t\t\t\t\t<\/div>\n\t\t\t\t\t\t<div class=\"post-read-more\">\n\t\t\t\t\t\t\t\t<div class=\"gem-button-container gem-widget-button gem-button-position-inline\">\n\t\t<a class=\"gem-button gem-button-size-tiny gem-button-style-outline\" href=\"https:\/\/legirandolecooperativasociale.it\/?p=3810\">\n\t\t\t<span class=\"gem-inner-wrapper-btn\">\n\t\t\t\t\t\t\t\t<span class=\"gem-text-button\">\n\t\t\t\t\tRead More\t\t\t\t<\/span>\n\t\t\t<\/span>\n\t\t<\/a>\n\t<\/div>\n\t\t\t\t\t\t<\/div>\n\t\t\t\t\t<\/div>\n\n\t\t\t\t<\/div>\n\t\t\t<\/div>\n\t\t<\/div>\n\t<\/article><!-- #post-3810 -->\n\n<article id=\"post-3802\" class=\"item-animations-not-inited post-3802 post type-post status-publish format-standard has-post-thumbnail category-bambini category-genitori\" >\n\t\n\t\t\n\t\t<div class=\"item-post-container\">\n\t\t\t<div class=\"item-post clearfix\">\n\n\t\t\t\t\t\t\t\t\t<div class=\"post-image post-img\"><div class=\"post-featured-content\"><a href=\"https:\/\/legirandolecooperativasociale.it\/?p=3802\">\t\t<picture>\n\t\t\t\t\t\t<img src=\"http:\/\/legirandolecooperativasociale.it\/wp-content\/uploads\/2018\/11\/33563_h.jpg\" width=\"960\" height=\"511\"  class=\"img-responsive\" alt=\"33563_h\" \/>\n\t\t<\/picture>\n\t\t<\/a><\/div><\/div>\n\t\t\t\t\n\t\t\t\t<div class=\"caption-container\">\n\n\t\t\t\t\t<div class=\"post-meta\">\n\t\t\t\t\t\t<div class=\"entry-meta clearfix gem-post-date\">\n\t\t\t\t\t\t\t<div class=\"post-meta-right\">\n\t\t\t\t\t\t\t\t\t\t\t\t\t\t\t\t\t\t\t\t\t\t\t\t\t\t\t\t\t\t\t<\/div>\n\t\t\t\t\t\t\t<div class=\"post-meta-left\">\n\t\t\t\t\t\t\t\t\t\t\t\t\t\t\t\t\t\t\t\t\t\t\t<\/div>\n\t\t\t\t\t\t<\/div><!-- .entry-meta -->\n\t\t\t\t\t<\/div>\n\n\t\t\t\t\t\t\t\t\t\t\t<div class=\"post-title\">\n\t\t\t\t\t\t\t<h3 class=\"entry-title\"><a href=\"https:\/\/legirandolecooperativasociale.it\/?p=3802\" rel=\"bookmark\"><span class=\"entry-title-date\">25 Nov: <\/span><span class=\"light\">I bambini e la cicogna<\/span><\/a><\/h3>\t\t\t\t\t\t<\/div>\n\t\t\t\t\t\n\t\t\t\t\t\t\t\t\t\t\t<div class=\"post-text\">\n\t\t\t\t\t\t\t<div class=\"summary\">\n\t\t\t\t\t\t\t\t\t\t\t\t\t\t\t\t\t<p>Le domande difficili: i bambini li porta la cicogna? Arriver\u00e0 un giorno, o forse \u00e8 gi\u00e0 arrivato, in cui a&#8230;<\/p>\n\t\t\t\t\t\t\t\t\t\t\t\t\t\t\t<\/div>\n\t\t\t\t\t\t<\/div>\n\t\t\t\t\t\n\t\t\t\t\t<div class=\"post-footer\">\n\t\t\t\t\t\t<div class=\"post-footer-sharing\">\n\t\t\t\t\t\t\t\n<div class=\"gem-button-container gem-widget-button gem-button-position-inline\">\n\t<a class=\"gem-button gem-button-size-tiny gem-button-style-flat gem-button-text-weight-normal gem-button-empty\" href=\"#\" target=\"_self\">\n\t\t<div class=\"elementor-icon\">\n\t\t\t\t\t\t\t<i class=\"default\"><\/i>\n\t\t\t\t\t<\/div>\n\t<\/a>\n<\/div>\n\n<div class=\"sharing-popup\">\n\t<div class=\"socials-sharing socials socials-colored-hover\">\n\n\t\t\t\t\t<a class=\"socials-item\" target=\"_blank\" href=\"https:\/\/www.facebook.com\/sharer\/sharer.php?u=https%3A%2F%2Flegirandolecooperativasociale.it%2F%3Fp%3D3802\" title=\"Facebook\"><i class=\"socials-item-icon facebook\"><\/i><\/a>\n\t\t\n\t\t\t\t\t<a class=\"socials-item\" target=\"_blank\" href=\"https:\/\/twitter.com\/intent\/tweet?text=I+bambini+e+la+cicogna&#038;url=https%3A%2F%2Flegirandolecooperativasociale.it%2F%3Fp%3D3802\" title=\"Twitter\"><i class=\"socials-item-icon twitter\"><\/i><\/a>\n\t\t\n\t\t\n\t\t\n\t\t\t\t\t<a class=\"socials-item\" target=\"_blank\" href=\"https:\/\/www.linkedin.com\/shareArticle?mini=true&#038;url=https%3A%2F%2Flegirandolecooperativasociale.it%2F%3Fp%3D3802&#038;title=I+bambini+e+la+cicogna&amp;summary=Le+domande+difficili%3A+i+bambini+li+porta+la+cicogna%3F+Arriver%C3%A0+un+giorno%2C+o+forse+%C3%A8+gi%C3%A0+arrivato%2C+in+cui+a...\" title=\"LinkedIn\"><i class=\"socials-item-icon linkedin\"><\/i><\/a>\n\t\t\n\t\t\n\t<\/div>\n<svg class=\"sharing-styled-arrow\"><use xlink:href=\"https:\/\/legirandolecooperativasociale.it\/wp-content\/themes\/thegem-elementor\/css\/post-arrow.svg#dec-post-arrow\"><\/use><\/svg>\n<\/div>\n\t\t\t\t\t\t<\/div>\n\t\t\t\t\t\t<div class=\"post-read-more\">\n\t\t\t\t\t\t\t\t<div class=\"gem-button-container gem-widget-button gem-button-position-inline\">\n\t\t<a class=\"gem-button gem-button-size-tiny gem-button-style-outline\" href=\"https:\/\/legirandolecooperativasociale.it\/?p=3802\">\n\t\t\t<span class=\"gem-inner-wrapper-btn\">\n\t\t\t\t\t\t\t\t<span class=\"gem-text-button\">\n\t\t\t\t\tRead More\t\t\t\t<\/span>\n\t\t\t<\/span>\n\t\t<\/a>\n\t<\/div>\n\t\t\t\t\t\t<\/div>\n\t\t\t\t\t<\/div>\n\n\t\t\t\t<\/div>\n\t\t\t<\/div>\n\t\t<\/div>\n\t<\/article><!-- #post-3802 -->\n\t\t\t<\/div>\n\t\t\t\t<\/div>\n\t\t\t\t<\/div>\n\t\t\t\t\t\t<\/div>\n\t\t\t<\/div>\n\t\t<\/div>\n\t\t\t\t<div class=\"elementor-element elementor-element-07ca6f9 elementor-column elementor-col-25 elementor-top-column\" data-id=\"07ca6f9\" data-element_type=\"column\">\n\t\t\t<div class=\"elementor-column-wrap  elementor-element-populated\">\n\t\t\t\t\t<div class=\"elementor-widget-wrap\">\n\t\t\t\t<div class=\"elementor-element elementor-element-437bc59 elementor-widget elementor-widget-thegem-bloglist\" data-id=\"437bc59\" data-element_type=\"widget\" data-settings=\"{&quot;select_blog_cat&quot;:[&quot;covid&quot;],&quot;items_per_page&quot;:2,&quot;thegem_elementor_preset&quot;:&quot;default&quot;,&quot;image_icon_show&quot;:&quot;yes&quot;}\" data-widget_type=\"thegem-bloglist.default\">\n\t\t\t\t<div class=\"elementor-widget-container\">\n\t\t\t\t\t\t<style>.bloglist .post-img a:hover:after{opacity: 1 !important;}<\/style>\n\t\t\t\t\t<div class=\"preloader\"><div class=\"preloader-spin\"><\/div><\/div>\n\t\t\t<div class=\"bloglist blog clearfix  blog-style-default  \" data-page=\"1\" data-paged=\"1\" data-next-page=\"0\" data-load-more-action=\"thegem_bloglist_load_more\">\n\t\t\t\n<article id=\"post-3909\" class=\"item-animations-not-inited post-3909 post type-post status-publish format-standard has-post-thumbnail category-covid tag-iorestoacasa tag-bambini tag-casa tag-famiglia\" >\n\t\n\t\t\n\t\t<div class=\"item-post-container\">\n\t\t\t<div class=\"item-post clearfix\">\n\n\t\t\t\t\t\t\t\t\t<div class=\"post-image post-img\"><div class=\"post-featured-content\"><a href=\"https:\/\/legirandolecooperativasociale.it\/?p=3909\">\t\t<picture>\n\t\t\t\t\t\t<img src=\"http:\/\/legirandolecooperativasociale.it\/wp-content\/uploads\/2020\/03\/artcov2-thegem-blog-default-large.jpg\" width=\"800\" height=\"540\"  class=\"img-responsive\" alt=\"artcov2\" \/>\n\t\t<\/picture>\n\t\t<\/a><\/div><\/div>\n\t\t\t\t\n\t\t\t\t<div class=\"caption-container\">\n\n\t\t\t\t\t<div class=\"post-meta\">\n\t\t\t\t\t\t<div class=\"entry-meta clearfix gem-post-date\">\n\t\t\t\t\t\t\t<div class=\"post-meta-right\">\n\t\t\t\t\t\t\t\t\t\t\t\t\t\t\t\t\t\t\t\t\t\t\t\t\t\t\t\t\t\t\t<\/div>\n\t\t\t\t\t\t\t<div class=\"post-meta-left\">\n\t\t\t\t\t\t\t\t\t\t\t\t\t\t\t\t\t\t\t\t\t\t\t<\/div>\n\t\t\t\t\t\t<\/div><!-- .entry-meta -->\n\t\t\t\t\t<\/div>\n\n\t\t\t\t\t\t\t\t\t\t\t<div class=\"post-title\">\n\t\t\t\t\t\t\t<h3 class=\"entry-title\"><a href=\"https:\/\/legirandolecooperativasociale.it\/?p=3909\" rel=\"bookmark\"><span class=\"entry-title-date\">14 Mar: <\/span><span class=\"light\">Un mostriciattolo fantasma dal nome Coronavirus!<\/span><\/a><\/h3>\t\t\t\t\t\t<\/div>\n\t\t\t\t\t\n\t\t\t\t\t\t\t\t\t\t\t<div class=\"post-text\">\n\t\t\t\t\t\t\t<div class=\"summary\">\n\t\t\t\t\t\t\t\t\t\t\t\t\t\t\t\t\t<p>Cari bambini, voglio raccontarvi cos\u2019\u00e8 il Coronavirus di cui sentite tanto parlare\u2026 Il Coronavirus \u00e8 un piccolo mostriciattolo fantasma, che&#8230;<\/p>\n\t\t\t\t\t\t\t\t\t\t\t\t\t\t\t<\/div>\n\t\t\t\t\t\t<\/div>\n\t\t\t\t\t\n\t\t\t\t\t<div class=\"post-footer\">\n\t\t\t\t\t\t<div class=\"post-footer-sharing\">\n\t\t\t\t\t\t\t\n<div class=\"gem-button-container gem-widget-button gem-button-position-inline\">\n\t<a class=\"gem-button gem-button-size-tiny gem-button-style-flat gem-button-text-weight-normal gem-button-empty\" href=\"#\" target=\"_self\">\n\t\t<div class=\"elementor-icon\">\n\t\t\t\t\t\t\t<i class=\"default\"><\/i>\n\t\t\t\t\t<\/div>\n\t<\/a>\n<\/div>\n\n<div class=\"sharing-popup\">\n\t<div class=\"socials-sharing socials socials-colored-hover\">\n\n\t\t\t\t\t<a class=\"socials-item\" target=\"_blank\" href=\"https:\/\/www.facebook.com\/sharer\/sharer.php?u=https%3A%2F%2Flegirandolecooperativasociale.it%2F%3Fp%3D3909\" title=\"Facebook\"><i class=\"socials-item-icon facebook\"><\/i><\/a>\n\t\t\n\t\t\t\t\t<a class=\"socials-item\" target=\"_blank\" href=\"https:\/\/twitter.com\/intent\/tweet?text=Un+mostriciattolo+fantasma+dal+nome+Coronavirus%21&#038;url=https%3A%2F%2Flegirandolecooperativasociale.it%2F%3Fp%3D3909\" title=\"Twitter\"><i class=\"socials-item-icon twitter\"><\/i><\/a>\n\t\t\n\t\t\n\t\t\n\t\t\t\t\t<a class=\"socials-item\" target=\"_blank\" href=\"https:\/\/www.linkedin.com\/shareArticle?mini=true&#038;url=https%3A%2F%2Flegirandolecooperativasociale.it%2F%3Fp%3D3909&#038;title=Un+mostriciattolo+fantasma+dal+nome+Coronavirus%21&amp;summary=Cari+bambini%2C+voglio+raccontarvi+cos%E2%80%99%C3%A8+il+Coronavirus+di+cui+sentite+tanto+parlare%E2%80%A6+Il+Coronavirus+%C3%A8+un+piccolo+mostriciattolo+fantasma%2C+che...\" title=\"LinkedIn\"><i class=\"socials-item-icon linkedin\"><\/i><\/a>\n\t\t\n\t\t\n\t<\/div>\n<svg class=\"sharing-styled-arrow\"><use xlink:href=\"https:\/\/legirandolecooperativasociale.it\/wp-content\/themes\/thegem-elementor\/css\/post-arrow.svg#dec-post-arrow\"><\/use><\/svg>\n<\/div>\n\t\t\t\t\t\t<\/div>\n\t\t\t\t\t\t<div class=\"post-read-more\">\n\t\t\t\t\t\t\t\t<div class=\"gem-button-container gem-widget-button gem-button-position-inline\">\n\t\t<a class=\"gem-button gem-button-size-tiny gem-button-style-outline\" href=\"https:\/\/legirandolecooperativasociale.it\/?p=3909\">\n\t\t\t<span class=\"gem-inner-wrapper-btn\">\n\t\t\t\t\t\t\t\t<span class=\"gem-text-button\">\n\t\t\t\t\tRead More\t\t\t\t<\/span>\n\t\t\t<\/span>\n\t\t<\/a>\n\t<\/div>\n\t\t\t\t\t\t<\/div>\n\t\t\t\t\t<\/div>\n\n\t\t\t\t<\/div>\n\t\t\t<\/div>\n\t\t<\/div>\n\t<\/article><!-- #post-3909 -->\n\n<article id=\"post-3901\" class=\"item-animations-not-inited post-3901 post type-post status-publish format-standard has-post-thumbnail category-covid tag-iorestoacasa tag-bambini tag-casa tag-coronavirus tag-famiglia tag-genitori-e-figli\" >\n\t\n\t\t\n\t\t<div class=\"item-post-container\">\n\t\t\t<div class=\"item-post clearfix\">\n\n\t\t\t\t\t\t\t\t\t<div class=\"post-image post-img\"><div class=\"post-featured-content\"><a href=\"https:\/\/legirandolecooperativasociale.it\/?p=3901\">\t\t<picture>\n\t\t\t\t\t\t<img src=\"http:\/\/legirandolecooperativasociale.it\/wp-content\/uploads\/2020\/03\/artcov1-thegem-blog-default-large.jpg\" width=\"800\" height=\"540\"  class=\"img-responsive\" alt=\"artcov1\" \/>\n\t\t<\/picture>\n\t\t<\/a><\/div><\/div>\n\t\t\t\t\n\t\t\t\t<div class=\"caption-container\">\n\n\t\t\t\t\t<div class=\"post-meta\">\n\t\t\t\t\t\t<div class=\"entry-meta clearfix gem-post-date\">\n\t\t\t\t\t\t\t<div class=\"post-meta-right\">\n\t\t\t\t\t\t\t\t\t\t\t\t\t\t\t\t\t\t\t\t\t\t\t\t\t\t\t\t\t\t\t<\/div>\n\t\t\t\t\t\t\t<div class=\"post-meta-left\">\n\t\t\t\t\t\t\t\t\t\t\t\t\t\t\t\t\t\t\t\t\t\t\t<\/div>\n\t\t\t\t\t\t<\/div><!-- .entry-meta -->\n\t\t\t\t\t<\/div>\n\n\t\t\t\t\t\t\t\t\t\t\t<div class=\"post-title\">\n\t\t\t\t\t\t\t<h3 class=\"entry-title\"><a href=\"https:\/\/legirandolecooperativasociale.it\/?p=3901\" rel=\"bookmark\"><span class=\"entry-title-date\">14 Mar: <\/span><span class=\"light\">Come spiegare ai nostri bambini il CORONAVIRUS.<\/span><\/a><\/h3>\t\t\t\t\t\t<\/div>\n\t\t\t\t\t\n\t\t\t\t\t\t\t\t\t\t\t<div class=\"post-text\">\n\t\t\t\t\t\t\t<div class=\"summary\">\n\t\t\t\t\t\t\t\t\t\t\t\t\t\t\t\t\t<p>Care Famiglie e Bambini, in questo periodo estremamente delicato per tutti i noi, dove la televisione e tutti i media&#8230;<\/p>\n\t\t\t\t\t\t\t\t\t\t\t\t\t\t\t<\/div>\n\t\t\t\t\t\t<\/div>\n\t\t\t\t\t\n\t\t\t\t\t<div class=\"post-footer\">\n\t\t\t\t\t\t<div class=\"post-footer-sharing\">\n\t\t\t\t\t\t\t\n<div class=\"gem-button-container gem-widget-button gem-button-position-inline\">\n\t<a class=\"gem-button gem-button-size-tiny gem-button-style-flat gem-button-text-weight-normal gem-button-empty\" href=\"#\" target=\"_self\">\n\t\t<div class=\"elementor-icon\">\n\t\t\t\t\t\t\t<i class=\"default\"><\/i>\n\t\t\t\t\t<\/div>\n\t<\/a>\n<\/div>\n\n<div class=\"sharing-popup\">\n\t<div class=\"socials-sharing socials socials-colored-hover\">\n\n\t\t\t\t\t<a class=\"socials-item\" target=\"_blank\" href=\"https:\/\/www.facebook.com\/sharer\/sharer.php?u=https%3A%2F%2Flegirandolecooperativasociale.it%2F%3Fp%3D3901\" title=\"Facebook\"><i class=\"socials-item-icon facebook\"><\/i><\/a>\n\t\t\n\t\t\t\t\t<a class=\"socials-item\" target=\"_blank\" href=\"https:\/\/twitter.com\/intent\/tweet?text=Come+spiegare+ai+nostri+bambini+il+CORONAVIRUS.&#038;url=https%3A%2F%2Flegirandolecooperativasociale.it%2F%3Fp%3D3901\" title=\"Twitter\"><i class=\"socials-item-icon twitter\"><\/i><\/a>\n\t\t\n\t\t\n\t\t\n\t\t\t\t\t<a class=\"socials-item\" target=\"_blank\" href=\"https:\/\/www.linkedin.com\/shareArticle?mini=true&#038;url=https%3A%2F%2Flegirandolecooperativasociale.it%2F%3Fp%3D3901&#038;title=Come+spiegare+ai+nostri+bambini+il+CORONAVIRUS.&amp;summary=Care+Famiglie+e+Bambini%2C+in+questo+periodo+estremamente+delicato+per+tutti+i+noi%2C+dove+la+televisione+e+tutti+i+media...\" title=\"LinkedIn\"><i class=\"socials-item-icon linkedin\"><\/i><\/a>\n\t\t\n\t\t\n\t<\/div>\n<svg class=\"sharing-styled-arrow\"><use xlink:href=\"https:\/\/legirandolecooperativasociale.it\/wp-content\/themes\/thegem-elementor\/css\/post-arrow.svg#dec-post-arrow\"><\/use><\/svg>\n<\/div>\n\t\t\t\t\t\t<\/div>\n\t\t\t\t\t\t<div class=\"post-read-more\">\n\t\t\t\t\t\t\t\t<div class=\"gem-button-container gem-widget-button gem-button-position-inline\">\n\t\t<a class=\"gem-button gem-button-size-tiny gem-button-style-outline\" href=\"https:\/\/legirandolecooperativasociale.it\/?p=3901\">\n\t\t\t<span class=\"gem-inner-wrapper-btn\">\n\t\t\t\t\t\t\t\t<span class=\"gem-text-button\">\n\t\t\t\t\tRead More\t\t\t\t<\/span>\n\t\t\t<\/span>\n\t\t<\/a>\n\t<\/div>\n\t\t\t\t\t\t<\/div>\n\t\t\t\t\t<\/div>\n\n\t\t\t\t<\/div>\n\t\t\t<\/div>\n\t\t<\/div>\n\t<\/article><!-- #post-3901 -->\n\t\t\t<\/div>\n\t\t\t\t<\/div>\n\t\t\t\t<\/div>\n\t\t\t\t\t\t<\/div>\n\t\t\t<\/div>\n\t\t<\/div>\n\t\t\t\t\t\t<\/div>\n\t\t\t<\/div>\n\t\t<\/section>\n\t\t\t\t\t\t<\/div>\n\t\t\t<\/div>\n\t\t<\/div>\n\t\t","protected":false},"excerpt":{"rendered":"<p>Le girandole La Societ\u00e0 Cooperativa Sociale \u201cLe Girandole\u201d nasce dall\u2019esperienza svolta all\u2019interno dell\u2019Associazione La Giostra dei Colori dalla quale evolve&#8230;<\/p>\n","protected":false},"author":1,"featured_media":0,"parent":0,"menu_order":0,"comment_status":"closed","ping_status":"open","template":"page-fullwidth.php","meta":[],"_links":{"self":[{"href":"https:\/\/legirandolecooperativasociale.it\/index.php?rest_route=\/wp\/v2\/pages\/2"}],"collection":[{"href":"https:\/\/legirandolecooperativasociale.it\/index.php?rest_route=\/wp\/v2\/pages"}],"about":[{"href":"https:\/\/legirandolecooperativasociale.it\/index.php?rest_route=\/wp\/v2\/types\/page"}],"author":[{"embeddable":true,"href":"https:\/\/legirandolecooperativasociale.it\/index.php?rest_route=\/wp\/v2\/users\/1"}],"replies":[{"embeddable":true,"href":"https:\/\/legirandolecooperativasociale.it\/index.php?rest_route=%2Fwp%2Fv2%2Fcomments&post=2"}],"version-history":[{"count":62,"href":"https:\/\/legirandolecooperativasociale.it\/index.php?rest_route=\/wp\/v2\/pages\/2\/revisions"}],"predecessor-version":[{"id":4533,"href":"https:\/\/legirandolecooperativasociale.it\/index.php?rest_route=\/wp\/v2\/pages\/2\/revisions\/4533"}],"wp:attachment":[{"href":"https:\/\/legirandolecooperativasociale.it\/index.php?rest_route=%2Fwp%2Fv2%2Fmedia&parent=2"}],"curies":[{"name":"wp","href":"https:\/\/api.w.org\/{rel}","templated":true}]}}